{"id":9435,"date":"2024-04-17T14:35:50","date_gmt":"2024-04-17T12:35:50","guid":{"rendered":"https:\/\/www.gites-du-pecheur.com\/?page_id=9435"},"modified":"2024-04-17T14:36:41","modified_gmt":"2024-04-17T12:36:41","slug":"nos-partenaires","status":"publish","type":"page","link":"https:\/\/www.gites-du-pecheur.com\/fr\/nos-partenaires\/","title":{"rendered":"Nos partenaires"},"content":{"rendered":"\t\t<div data-elementor-type=\"wp-page\" data-elementor-id=\"9435\" class=\"elementor elementor-9435\">\n\t\t\t\t\t\t\t\t\t<section class=\"elementor-section elementor-top-section elementor-element elementor-element-0859bb0 elementor-section-boxed elementor-section-height-default elementor-section-height-default qodef-elementor-content-no\" data-id=\"0859bb0\" data-element_type=\"section\">\n\t\t\t\t\t\t<div class=\"elementor-container elementor-column-gap-default\">\n\t\t\t\t\t<div class=\"elementor-column elementor-col-100 elementor-top-column elementor-element elementor-element-e341c2b\" data-id=\"e341c2b\" data-element_type=\"column\">\n\t\t\t<div class=\"elementor-widget-wrap elementor-element-populated\">\n\t\t\t\t\t\t\t\t<div class=\"elementor-element elementor-element-843b656 elementor-widget elementor-widget-heading\" data-id=\"843b656\" data-element_type=\"widget\" data-widget_type=\"heading.default\">\n\t\t\t\t<div class=\"elementor-widget-container\">\n\t\t\t<h2 class=\"elementor-heading-title elementor-size-default\">Eric Jouan<\/h2>\t\t<\/div>\n\t\t\t\t<\/div>\n\t\t\t\t<div class=\"elementor-element elementor-element-fdf62a8 elementor-widget elementor-widget-text-editor\" data-id=\"fdf62a8\" data-element_type=\"widget\" data-widget_type=\"text-editor.default\">\n\t\t\t\t<div class=\"elementor-widget-container\">\n\t\t\t\t\t\t\t<p>Pour les groupes en formule demi-pension ou pension compl\u00e8te, nous faisons appel \u00e0 Eric Jouan, traiteur \u00e0 Saint-Alban avec qui nous avons l&rsquo;habitude de travailler depuis plusieurs ann\u00e9es. Voici ses coordonn\u00e9es <a href=\"https:\/\/eric-jouan-traiteur.eatbu.com\/\">ici<\/a><\/p>\t\t\t\t\t\t<\/div>\n\t\t\t\t<\/div>\n\t\t\t\t\t<\/div>\n\t\t<\/div>\n\t\t\t\t\t\t\t<\/div>\n\t\t<\/section>\n\t\t\t\t<section class=\"elementor-section elementor-top-section elementor-element elementor-element-da3ecef elementor-section-boxed elementor-section-height-default elementor-section-height-default qodef-elementor-content-no\" data-id=\"da3ecef\" data-element_type=\"section\">\n\t\t\t\t\t\t<div class=\"elementor-container elementor-column-gap-default\">\n\t\t\t\t\t<div class=\"elementor-column elementor-col-100 elementor-top-column elementor-element elementor-element-3cdca39\" data-id=\"3cdca39\" data-element_type=\"column\">\n\t\t\t<div class=\"elementor-widget-wrap elementor-element-populated\">\n\t\t\t\t\t\t\t\t<div class=\"elementor-element elementor-element-8f787e1 elementor-widget elementor-widget-heading\" data-id=\"8f787e1\" data-element_type=\"widget\" data-widget_type=\"heading.default\">\n\t\t\t\t<div class=\"elementor-widget-container\">\n\t\t\t<h2 class=\"elementor-heading-title elementor-size-default\">Nicolas Nonnet <\/h2>\t\t<\/div>\n\t\t\t\t<\/div>\n\t\t\t\t<div class=\"elementor-element elementor-element-7f55ce7 elementor-widget elementor-widget-text-editor\" data-id=\"7f55ce7\" data-element_type=\"widget\" data-widget_type=\"text-editor.default\">\n\t\t\t\t<div class=\"elementor-widget-container\">\n\t\t\t\t\t\t\t<p>Lors de nos soir\u00e9es bretonnes en \u00e9t\u00e9, nous faisons appel \u00e0 Nicolas Nonnet pour avoir des plateaux d&rsquo;hu\u00eetres provenant de la baie de La Fresnaye. Pour plus d&rsquo;informations, n&rsquo;h\u00e9sitez pas \u00e0 visiter son internet <a href=\"https:\/\/www.nonnet-nicolas-erquy.com\/\">ici\u00a0<\/a><\/p>\t\t\t\t\t\t<\/div>\n\t\t\t\t<\/div>\n\t\t\t\t\t<\/div>\n\t\t<\/div>\n\t\t\t\t\t\t\t<\/div>\n\t\t<\/section>\n\t\t\t\t<section class=\"elementor-section elementor-top-section elementor-element elementor-element-cda9ced elementor-section-boxed elementor-section-height-default elementor-section-height-default qodef-elementor-content-no\" data-id=\"cda9ced\" data-element_type=\"section\">\n\t\t\t\t\t\t<div class=\"elementor-container elementor-column-gap-default\">\n\t\t\t\t\t<div class=\"elementor-column elementor-col-100 elementor-top-column elementor-element elementor-element-78ca4ae\" data-id=\"78ca4ae\" data-element_type=\"column\">\n\t\t\t<div class=\"elementor-widget-wrap elementor-element-populated\">\n\t\t\t\t\t\t\t\t<div class=\"elementor-element elementor-element-dd82b6f elementor-widget elementor-widget-heading\" data-id=\"dd82b6f\" data-element_type=\"widget\" data-widget_type=\"heading.default\">\n\t\t\t\t<div class=\"elementor-widget-container\">\n\t\t\t<h2 class=\"elementor-heading-title elementor-size-default\">Le Grand Site de France Cap d'Erquy Cap Fr\u00e9hel<\/h2>\t\t<\/div>\n\t\t\t\t<\/div>\n\t\t\t\t<div class=\"elementor-element elementor-element-53ca0e0 elementor-widget elementor-widget-text-editor\" data-id=\"53ca0e0\" data-element_type=\"widget\" data-widget_type=\"text-editor.default\">\n\t\t\t\t<div class=\"elementor-widget-container\">\n\t\t\t\t\t\t\t<p>L&rsquo;\u00e9t\u00e9, nous proposons tous les lundis des sorties nature et patrimoine avec un animateur du Grand Site Cap d&rsquo;Erquy Cap Fr\u00e9hel. Ces sorties sont adapt\u00e9es aux familles. Pour d\u00e9couvrir, toutes les sorties qu&rsquo;ils proposent, c&rsquo;est par <a href=\"https:\/\/grandsite-capserquyfrehel.com\/\">ici<\/a><\/p>\t\t\t\t\t\t<\/div>\n\t\t\t\t<\/div>\n\t\t\t\t\t<\/div>\n\t\t<\/div>\n\t\t\t\t\t\t\t<\/div>\n\t\t<\/section>\n\t\t\t\t<section class=\"elementor-section elementor-top-section elementor-element elementor-element-2161a2d elementor-section-boxed elementor-section-height-default elementor-section-height-default qodef-elementor-content-no\" data-id=\"2161a2d\" data-element_type=\"section\">\n\t\t\t\t\t\t<div class=\"elementor-container elementor-column-gap-default\">\n\t\t\t\t\t<div class=\"elementor-column elementor-col-100 elementor-top-column elementor-element elementor-element-9ba6c2d\" data-id=\"9ba6c2d\" data-element_type=\"column\">\n\t\t\t<div class=\"elementor-widget-wrap elementor-element-populated\">\n\t\t\t\t\t\t\t\t<div class=\"elementor-element elementor-element-9ed1307 elementor-widget elementor-widget-heading\" data-id=\"9ed1307\" data-element_type=\"widget\" data-widget_type=\"heading.default\">\n\t\t\t\t<div class=\"elementor-widget-container\">\n\t\t\t<h2 class=\"elementor-heading-title elementor-size-default\">Les G\u00eetes Bois Peschard<\/h2>\t\t<\/div>\n\t\t\t\t<\/div>\n\t\t\t\t<div class=\"elementor-element elementor-element-544eedb elementor-widget elementor-widget-text-editor\" data-id=\"544eedb\" data-element_type=\"widget\" data-widget_type=\"text-editor.default\">\n\t\t\t\t<div class=\"elementor-widget-container\">\n\t\t\t\t\t\t\t<p style=\"background-color: #ffffff; text-align: center;\">Les G\u00eetes Bois Peschard sont situ\u00e9s entre Rennes et Vannes \u00e0 Quelneuc plus pr\u00e9cisement dans le Morbihan. Le domaine est compos\u00e9 de 5 g\u00eetes labellis\u00e9s G\u00eetes de France\u00a0 avec piscine couverte et chauff\u00e9e. Les g\u00eetes ont une capacit\u00e9 de 2 \u00e0 8 personnes.<\/p><p style=\"background-color: #ffffff; text-align: center;\">Pour plus d&rsquo;informations, visitez leur site internet en cliquant\u00a0<a href=\"https:\/\/gites-boispeschard.com\/\">ici<\/a><\/p>\t\t\t\t\t\t<\/div>\n\t\t\t\t<\/div>\n\t\t\t\t\t<\/div>\n\t\t<\/div>\n\t\t\t\t\t\t\t<\/div>\n\t\t<\/section>\n\t\t\t\t<section class=\"elementor-section elementor-top-section elementor-element elementor-element-a94ecff elementor-section-boxed elementor-section-height-default elementor-section-height-default qodef-elementor-content-no\" data-id=\"a94ecff\" data-element_type=\"section\">\n\t\t\t\t\t\t<div class=\"elementor-container elementor-column-gap-default\">\n\t\t\t\t\t<div class=\"elementor-column elementor-col-100 elementor-top-column elementor-element elementor-element-51c9ddf\" data-id=\"51c9ddf\" data-element_type=\"column\">\n\t\t\t<div class=\"elementor-widget-wrap elementor-element-populated\">\n\t\t\t\t\t\t\t\t<div class=\"elementor-element elementor-element-b27d3a5 elementor-widget elementor-widget-text-editor\" data-id=\"b27d3a5\" data-element_type=\"widget\" data-widget_type=\"text-editor.default\">\n\t\t\t\t<div class=\"elementor-widget-container\">\n\t\t\t\t\t\t\t<p>En plus des prestataires ci-dessus, nous sommes partenaires d&rsquo;associations et d&rsquo;\u00e9v\u00e9nements locaux comme le trail <a href=\"https:\/\/landesetbruyeres.bzh\/\">Landes &amp; Bruy\u00e8res<\/a>, le <a href=\"https:\/\/www.jumping-erquy-plage.com\/\">Jumping d&rsquo;Erquy<\/a>, Les <a href=\"https:\/\/www.estivalesdevolley.fr\/\">Estivales de Volley<\/a>, la <a href=\"https:\/\/www.sainte-jeanne-erquy.com\/\">Sainte-Jeanne<\/a>\u00a0ou encore l&rsquo;<a href=\"https:\/\/www.asgolfpva.org\/\">AS Golf de Pleneuf Val Andre<\/a><\/p>\t\t\t\t\t\t<\/div>\n\t\t\t\t<\/div>\n\t\t\t\t\t<\/div>\n\t\t<\/div>\n\t\t\t\t\t\t\t<\/div>\n\t\t<\/section>\n\t\t\t\t\t\t\t<\/div>\n\t\t","protected":false},"excerpt":{"rendered":"<p>Eric Jouan Pour les groupes en formule demi-pension ou pension compl\u00e8te, nous faisons appel \u00e0 Eric Jouan, traiteur \u00e0 Saint-Alban avec qui nous avons l&rsquo;habitude de travailler depuis plusieurs ann\u00e9es. Voici ses coordonn\u00e9es ici Nicolas Nonnet Lors de nos soir\u00e9es bretonnes en \u00e9t\u00e9, nous faisons appel \u00e0 Nicolas Nonnet pour avoir des plateaux d&rsquo;hu\u00eetres provenant [&hellip;]<\/p>\n","protected":false},"author":2,"featured_media":0,"parent":0,"menu_order":0,"comment_status":"closed","ping_status":"closed","template":"elementor_header_footer","meta":{"inline_featured_image":false,"footnotes":""},"class_list":["post-9435","page","type-page","status-publish","hentry"],"yoast_head":"<!-- This site is optimized with the Yoast SEO plugin v21.2 - https:\/\/yoast.com\/wordpress\/plugins\/seo\/ -->\n<title>Notre village de g\u00eetes \u00e0 Erquy en Bretagne<\/title>\n<meta name=\"description\" content=\"Les G\u00eetes du P\u00eacheur \u00e0 Erquy en Bretagne sont un village de 10 g\u00eetes de 6 et 4 personnes avec piscine. Accueil de familles et de groupes.\" \/>\n<meta name=\"robots\" content=\"index, follow, max-snippet:-1, max-image-preview:large, max-video-preview:-1\" \/>\n<link rel=\"canonical\" href=\"https:\/\/www.gites-du-pecheur.com\/fr\/nos-partenaires\/\" \/>\n<meta property=\"og:locale\" content=\"fr_FR\" \/>\n<meta property=\"og:type\" content=\"article\" \/>\n<meta property=\"og:title\" content=\"Notre village de g\u00eetes \u00e0 Erquy en Bretagne\" \/>\n<meta property=\"og:description\" content=\"Les G\u00eetes du P\u00eacheur \u00e0 Erquy en Bretagne sont un village de 10 g\u00eetes de 6 et 4 personnes avec piscine. Accueil de familles et de groupes.\" \/>\n<meta property=\"og:url\" content=\"https:\/\/www.gites-du-pecheur.com\/fr\/nos-partenaires\/\" \/>\n<meta property=\"og:site_name\" content=\"Les g\u00eetes du p\u00eacheur\" \/>\n<meta property=\"article:publisher\" content=\"https:\/\/fr-fr.facebook.com\/lesgitesdupecheur\" \/>\n<meta property=\"article:modified_time\" content=\"2024-04-17T12:36:41+00:00\" \/>\n<meta name=\"twitter:card\" content=\"summary_large_image\" \/>\n<script type=\"application\/ld+json\" class=\"yoast-schema-graph\">{\"@context\":\"https:\/\/schema.org\",\"@graph\":[{\"@type\":\"WebPage\",\"@id\":\"https:\/\/www.gites-du-pecheur.com\/fr\/nos-partenaires\/\",\"url\":\"https:\/\/www.gites-du-pecheur.com\/fr\/nos-partenaires\/\",\"name\":\"Notre village de g\u00eetes \u00e0 Erquy en Bretagne\",\"isPartOf\":{\"@id\":\"https:\/\/www.gites-du-pecheur.com\/fr\/#website\"},\"datePublished\":\"2024-04-17T12:35:50+00:00\",\"dateModified\":\"2024-04-17T12:36:41+00:00\",\"description\":\"Les G\u00eetes du P\u00eacheur \u00e0 Erquy en Bretagne sont un village de 10 g\u00eetes de 6 et 4 personnes avec piscine. Accueil de familles et de groupes.\",\"breadcrumb\":{\"@id\":\"https:\/\/www.gites-du-pecheur.com\/fr\/nos-partenaires\/#breadcrumb\"},\"inLanguage\":\"fr-FR\",\"potentialAction\":[{\"@type\":\"ReadAction\",\"target\":[\"https:\/\/www.gites-du-pecheur.com\/fr\/nos-partenaires\/\"]}]},{\"@type\":\"BreadcrumbList\",\"@id\":\"https:\/\/www.gites-du-pecheur.com\/fr\/nos-partenaires\/#breadcrumb\",\"itemListElement\":[{\"@type\":\"ListItem\",\"position\":1,\"name\":\"Accueil\",\"item\":\"https:\/\/www.gites-du-pecheur.com\/fr\/\"},{\"@type\":\"ListItem\",\"position\":2,\"name\":\"Nos partenaires\"}]},{\"@type\":\"WebSite\",\"@id\":\"https:\/\/www.gites-du-pecheur.com\/fr\/#website\",\"url\":\"https:\/\/www.gites-du-pecheur.com\/fr\/\",\"name\":\"Les g\u00eetes du p\u00eacheur\",\"description\":\"Locations vacances \u2013 Erquy \u2013 Cap Fr\u00e9hel\",\"publisher\":{\"@id\":\"https:\/\/www.gites-du-pecheur.com\/fr\/#organization\"},\"potentialAction\":[{\"@type\":\"SearchAction\",\"target\":{\"@type\":\"EntryPoint\",\"urlTemplate\":\"https:\/\/www.gites-du-pecheur.com\/fr\/?s={search_term_string}\"},\"query-input\":\"required name=search_term_string\"}],\"inLanguage\":\"fr-FR\"},{\"@type\":\"Organization\",\"@id\":\"https:\/\/www.gites-du-pecheur.com\/fr\/#organization\",\"name\":\"G\u00eetes du p\u00eacheur\",\"url\":\"https:\/\/www.gites-du-pecheur.com\/fr\/\",\"logo\":{\"@type\":\"ImageObject\",\"inLanguage\":\"fr-FR\",\"@id\":\"https:\/\/www.gites-du-pecheur.com\/fr\/#\/schema\/logo\/image\/\",\"url\":\"https:\/\/www.gites-du-pecheur.com\/wp-content\/uploads\/2021\/05\/logo-gites-du-pecheur.svg\",\"contentUrl\":\"https:\/\/www.gites-du-pecheur.com\/wp-content\/uploads\/2021\/05\/logo-gites-du-pecheur.svg\",\"width\":1,\"height\":1,\"caption\":\"G\u00eetes du p\u00eacheur\"},\"image\":{\"@id\":\"https:\/\/www.gites-du-pecheur.com\/fr\/#\/schema\/logo\/image\/\"},\"sameAs\":[\"https:\/\/fr-fr.facebook.com\/lesgitesdupecheur\",\"https:\/\/www.instagram.com\/lesgitesdupecheur\/\"]}]}<\/script>\n<!-- \/ Yoast SEO plugin. -->","yoast_head_json":{"title":"Notre village de g\u00eetes \u00e0 Erquy en Bretagne","description":"Les G\u00eetes du P\u00eacheur \u00e0 Erquy en Bretagne sont un village de 10 g\u00eetes de 6 et 4 personnes avec piscine. Accueil de familles et de groupes.","robots":{"index":"index","follow":"follow","max-snippet":"max-snippet:-1","max-image-preview":"max-image-preview:large","max-video-preview":"max-video-preview:-1"},"canonical":"https:\/\/www.gites-du-pecheur.com\/fr\/nos-partenaires\/","og_locale":"fr_FR","og_type":"article","og_title":"Notre village de g\u00eetes \u00e0 Erquy en Bretagne","og_description":"Les G\u00eetes du P\u00eacheur \u00e0 Erquy en Bretagne sont un village de 10 g\u00eetes de 6 et 4 personnes avec piscine. Accueil de familles et de groupes.","og_url":"https:\/\/www.gites-du-pecheur.com\/fr\/nos-partenaires\/","og_site_name":"Les g\u00eetes du p\u00eacheur","article_publisher":"https:\/\/fr-fr.facebook.com\/lesgitesdupecheur","article_modified_time":"2024-04-17T12:36:41+00:00","twitter_card":"summary_large_image","schema":{"@context":"https:\/\/schema.org","@graph":[{"@type":"WebPage","@id":"https:\/\/www.gites-du-pecheur.com\/fr\/nos-partenaires\/","url":"https:\/\/www.gites-du-pecheur.com\/fr\/nos-partenaires\/","name":"Notre village de g\u00eetes \u00e0 Erquy en Bretagne","isPartOf":{"@id":"https:\/\/www.gites-du-pecheur.com\/fr\/#website"},"datePublished":"2024-04-17T12:35:50+00:00","dateModified":"2024-04-17T12:36:41+00:00","description":"Les G\u00eetes du P\u00eacheur \u00e0 Erquy en Bretagne sont un village de 10 g\u00eetes de 6 et 4 personnes avec piscine. Accueil de familles et de groupes.","breadcrumb":{"@id":"https:\/\/www.gites-du-pecheur.com\/fr\/nos-partenaires\/#breadcrumb"},"inLanguage":"fr-FR","potentialAction":[{"@type":"ReadAction","target":["https:\/\/www.gites-du-pecheur.com\/fr\/nos-partenaires\/"]}]},{"@type":"BreadcrumbList","@id":"https:\/\/www.gites-du-pecheur.com\/fr\/nos-partenaires\/#breadcrumb","itemListElement":[{"@type":"ListItem","position":1,"name":"Accueil","item":"https:\/\/www.gites-du-pecheur.com\/fr\/"},{"@type":"ListItem","position":2,"name":"Nos partenaires"}]},{"@type":"WebSite","@id":"https:\/\/www.gites-du-pecheur.com\/fr\/#website","url":"https:\/\/www.gites-du-pecheur.com\/fr\/","name":"Les g\u00eetes du p\u00eacheur","description":"Locations vacances \u2013 Erquy \u2013 Cap Fr\u00e9hel","publisher":{"@id":"https:\/\/www.gites-du-pecheur.com\/fr\/#organization"},"potentialAction":[{"@type":"SearchAction","target":{"@type":"EntryPoint","urlTemplate":"https:\/\/www.gites-du-pecheur.com\/fr\/?s={search_term_string}"},"query-input":"required name=search_term_string"}],"inLanguage":"fr-FR"},{"@type":"Organization","@id":"https:\/\/www.gites-du-pecheur.com\/fr\/#organization","name":"G\u00eetes du p\u00eacheur","url":"https:\/\/www.gites-du-pecheur.com\/fr\/","logo":{"@type":"ImageObject","inLanguage":"fr-FR","@id":"https:\/\/www.gites-du-pecheur.com\/fr\/#\/schema\/logo\/image\/","url":"https:\/\/www.gites-du-pecheur.com\/wp-content\/uploads\/2021\/05\/logo-gites-du-pecheur.svg","contentUrl":"https:\/\/www.gites-du-pecheur.com\/wp-content\/uploads\/2021\/05\/logo-gites-du-pecheur.svg","width":1,"height":1,"caption":"G\u00eetes du p\u00eacheur"},"image":{"@id":"https:\/\/www.gites-du-pecheur.com\/fr\/#\/schema\/logo\/image\/"},"sameAs":["https:\/\/fr-fr.facebook.com\/lesgitesdupecheur","https:\/\/www.instagram.com\/lesgitesdupecheur\/"]}]}},"_links":{"self":[{"href":"https:\/\/www.gites-du-pecheur.com\/fr\/wp-json\/wp\/v2\/pages\/9435","targetHints":{"allow":["GET"]}}],"collection":[{"href":"https:\/\/www.gites-du-pecheur.com\/fr\/wp-json\/wp\/v2\/pages"}],"about":[{"href":"https:\/\/www.gites-du-pecheur.com\/fr\/wp-json\/wp\/v2\/types\/page"}],"author":[{"embeddable":true,"href":"https:\/\/www.gites-du-pecheur.com\/fr\/wp-json\/wp\/v2\/users\/2"}],"replies":[{"embeddable":true,"href":"https:\/\/www.gites-du-pecheur.com\/fr\/wp-json\/wp\/v2\/comments?post=9435"}],"version-history":[{"count":5,"href":"https:\/\/www.gites-du-pecheur.com\/fr\/wp-json\/wp\/v2\/pages\/9435\/revisions"}],"predecessor-version":[{"id":9441,"href":"https:\/\/www.gites-du-pecheur.com\/fr\/wp-json\/wp\/v2\/pages\/9435\/revisions\/9441"}],"wp:attachment":[{"href":"https:\/\/www.gites-du-pecheur.com\/fr\/wp-json\/wp\/v2\/media?parent=9435"}],"curies":[{"name":"wp","href":"https:\/\/api.w.org\/{rel}","templated":true}]}}