{"id":6053,"date":"2021-07-28T17:32:01","date_gmt":"2021-07-28T15:32:01","guid":{"rendered":"https:\/\/www.gites-du-pecheur.com\/?page_id=6053"},"modified":"2025-03-05T11:14:47","modified_gmt":"2025-03-05T10:14:47","slug":"les-incontournables","status":"publish","type":"page","link":"https:\/\/www.gites-du-pecheur.com\/fr\/les-incontournables\/","title":{"rendered":"Les incontournables"},"content":{"rendered":"\t\t<div data-elementor-type=\"wp-page\" data-elementor-id=\"6053\" class=\"elementor elementor-6053\">\n\t\t\t\t\t\t\t\t\t<section class=\"elementor-section elementor-top-section elementor-element elementor-element-789a23a7 elementor-section-full_width qodef-elementor-content-grid elementor-section-height-default elementor-section-height-default\" data-id=\"789a23a7\" data-element_type=\"section\">\n\t\t\t\t\t\t<div class=\"elementor-container elementor-column-gap-no\">\n\t\t\t\t\t<div class=\"elementor-column elementor-col-33 elementor-top-column elementor-element elementor-element-4fa7b7e\" data-id=\"4fa7b7e\" data-element_type=\"column\">\n\t\t\t<div class=\"elementor-widget-wrap elementor-element-populated\">\n\t\t\t\t\t\t\t\t<div class=\"elementor-element elementor-element-1327ce19 elementor-widget elementor-widget-heading\" data-id=\"1327ce19\" data-element_type=\"widget\" data-widget_type=\"heading.default\">\n\t\t\t\t<div class=\"elementor-widget-container\">\n\t\t\t<h2 class=\"elementor-heading-title elementor-size-default\">Les incontournables \u00e0 Erquy<\/h2>\t\t<\/div>\n\t\t\t\t<\/div>\n\t\t\t\t\t<\/div>\n\t\t<\/div>\n\t\t\t\t<div class=\"elementor-column elementor-col-66 elementor-top-column elementor-element elementor-element-108f113a\" data-id=\"108f113a\" data-element_type=\"column\">\n\t\t\t<div class=\"elementor-widget-wrap elementor-element-populated\">\n\t\t\t\t\t\t\t\t<div class=\"elementor-element elementor-element-4a6067f0 elementor-widget elementor-widget-text-editor\" data-id=\"4a6067f0\" data-element_type=\"widget\" data-widget_type=\"text-editor.default\">\n\t\t\t\t<div class=\"elementor-widget-container\">\n\t\t\t\t\t\t\t<p data-sourcepos=\"1:1-1:72\"><span style=\"color: #005a8c;\">Les tr\u00e9sors d&rsquo;Erquy : Une escapade inoubliable entre la c\u00f4te d&rsquo;\u00c9meraude et la c\u00f4te de Penthi\u00e8vre<\/span><\/p><p data-sourcepos=\"3:1-3:31\"><span style=\"color: #005a8c;\"><strong>Erquy<\/strong>, joyau de la c\u00f4te d&rsquo;\u00c9meraude en Bretagne, vous invite \u00e0 d\u00e9couvrir ses richesses naturelles et culturelles exceptionnelles. Entre falaises spectaculaires, villages pittoresques et plages de r\u00eave, Erquy promet un s\u00e9jour inoubliable.<\/span><\/p>\t\t\t\t\t\t<\/div>\n\t\t\t\t<\/div>\n\t\t\t\t\t<\/div>\n\t\t<\/div>\n\t\t\t\t\t\t\t<\/div>\n\t\t<\/section>\n\t\t\t\t<section class=\"elementor-section elementor-top-section elementor-element elementor-element-d068647 elementor-section-boxed elementor-section-height-default elementor-section-height-default qodef-elementor-content-no\" data-id=\"d068647\" data-element_type=\"section\">\n\t\t\t\t\t\t<div class=\"elementor-container elementor-column-gap-default\">\n\t\t\t\t\t<div class=\"elementor-column elementor-col-100 elementor-top-column elementor-element elementor-element-16aeb41\" data-id=\"16aeb41\" data-element_type=\"column\">\n\t\t\t<div class=\"elementor-widget-wrap elementor-element-populated\">\n\t\t\t\t\t\t\t\t<div class=\"elementor-element elementor-element-055986e elementor-widget elementor-widget-text-editor\" data-id=\"055986e\" data-element_type=\"widget\" data-widget_type=\"text-editor.default\">\n\t\t\t\t<div class=\"elementor-widget-container\">\n\t\t\t\t\t\t\t<p data-sourcepos=\"9:1-9:57\"><span style=\"color: #005a8c;\"><strong>Explorez le village d&rsquo;Erquy et son charme authentique<\/strong><\/span><\/p><p data-sourcepos=\"11:1-11:177\"><span style=\"color: #005a8c;\">Promenez-vous dans les ruelles pittoresques du village d&rsquo;Erquy et laissez-vous charmer par ses maisons en granit rose, ses boutiques d&rsquo;artisanat et ses restaurants accueillants. Visitez le port, premier port breton pour la p\u00eache \u00e0 la coquille Saint-Jacques, et impr\u00e9gnez-vous de l&rsquo;atmosph\u00e8re maritime authentique.<\/span><\/p><p data-sourcepos=\"13:1-13:53\"><span style=\"color: #005a8c;\"><strong>Profitez des plaisirs de la plage de Saint-Michel<\/strong><\/span><\/p><p data-sourcepos=\"15:1-15:268\"><span style=\"color: #005a8c;\">Cette plage de sable fin, situ\u00e9e au pied du Cap d&rsquo;Erquy, est un v\u00e9ritable paradis pour la baignade, le farniente et les sports nautiques. Profitez du soleil, de la mer turquoise et de la vue imprenable sur la baie de Saint-Brieuc pour un moment de d\u00e9tente inoubliable.<\/span><\/p><p data-sourcepos=\"17:1-17:72\"><span style=\"color: #005a8c;\"><strong>Empruntez le sentier des douaniers pour une randonn\u00e9e extraordinaire<\/strong><\/span><\/p><p data-sourcepos=\"19:1-19:221\"><span style=\"color: #005a8c;\">Le GR34 vous offre l&rsquo;opportunit\u00e9 de d\u00e9couvrir la c\u00f4te sauvage d&rsquo;Erquy lors d&rsquo;une randonn\u00e9e m\u00e9morable. Admirez des paysages spectaculaires, respirez l&rsquo;air vivifiant de la mer et laissez-vous bercer par le bruit des vagues.<\/span><\/p><p data-sourcepos=\"21:1-21:72\"><span style=\"color: #005a8c;\"><strong>Visitez le ch\u00e2teau de Bienassis et d\u00e9couvrez son histoire fascinante<\/strong><\/span><\/p><p data-sourcepos=\"23:1-23:101\"><span style=\"color: #005a8c;\">Perch\u00e9 sur un \u00e9peron rocheux, ce ch\u00e2teau du 14\u00e8me si\u00e8cle offre un panorama exceptionnel sur la c\u00f4te d&rsquo;\u00c9meraude. Explorez ses murs et d\u00e9couvrez son histoire riche en rebondissements pour un voyage dans le temps fascinant.<\/span><\/p><p data-sourcepos=\"23:1-23:101\"><span style=\"color: #005a8c;\">\u00a0<\/span><\/p><p style=\"text-align: center;\" data-sourcepos=\"25:1-25:77\"><strong><em><span style=\"color: #005a8c;\">Un des sites incontournables \u00e0 visiter est le Grand Site de France Cap d\u2019Erquy-Cap Fr\u00e9hel. Cette zone g\u00e9ographique part du Cap d\u2019Erquy et s&rsquo;\u00e9tend jusqu\u2019au Cap Fr\u00e9hel.<\/span><\/em><\/strong><\/p>\t\t\t\t\t\t<\/div>\n\t\t\t\t<\/div>\n\t\t\t\t\t<\/div>\n\t\t<\/div>\n\t\t\t\t\t\t\t<\/div>\n\t\t<\/section>\n\t\t\t\t<section class=\"elementor-section elementor-top-section elementor-element elementor-element-35f53183 elementor-section-full_width qodef-elementor-content-grid elementor-section-height-default elementor-section-height-default\" data-id=\"35f53183\" data-element_type=\"section\">\n\t\t\t\t\t\t<div class=\"elementor-container elementor-column-gap-no\">\n\t\t\t\t\t<div class=\"elementor-column elementor-col-33 elementor-top-column elementor-element elementor-element-41ea9d44\" data-id=\"41ea9d44\" data-element_type=\"column\">\n\t\t\t<div class=\"elementor-widget-wrap elementor-element-populated\">\n\t\t\t\t\t\t\t\t<div class=\"elementor-element elementor-element-1bfed0fc elementor-widget elementor-widget-alloggio_core_image_with_text\" data-id=\"1bfed0fc\" data-element_type=\"widget\" data-widget_type=\"alloggio_core_image_with_text.default\">\n\t\t\t\t<div class=\"elementor-widget-container\">\n\t\t\t<div class=\"qodef-shortcode qodef-m  qodef-image-with-text qodef-layout--text-below  \">\n\t<div class=\"qodef-m-image\">\n\t\t\t\t\t\t\t\t\t<img loading=\"lazy\" decoding=\"async\" width=\"800\" height=\"522\" src=\"https:\/\/www.gites-du-pecheur.com\/wp-content\/uploads\/2021\/07\/cap-erquy.jpg\" class=\"qodef-e-main-image\" alt=\"\" srcset=\"https:\/\/www.gites-du-pecheur.com\/wp-content\/uploads\/2021\/07\/cap-erquy.jpg 800w, https:\/\/www.gites-du-pecheur.com\/wp-content\/uploads\/2021\/07\/cap-erquy-300x196.jpg 300w, https:\/\/www.gites-du-pecheur.com\/wp-content\/uploads\/2021\/07\/cap-erquy-768x501.jpg 768w\" sizes=\"auto, (max-width: 800px) 100vw, 800px\" \/>\t\t\t\t\t\t\t\t\t<\/div>\t<div class=\"qodef-m-content\">\n\t\t\t<h3 class=\"qodef-m-title\" style=\"margin-top: 20px\">\n\t\t\t\t\tLe Grand Site de France\t\t\t<\/h3>\n\t\t\t<\/div>\n<\/div>\t\t<\/div>\n\t\t\t\t<\/div>\n\t\t\t\t<div class=\"elementor-element elementor-element-593d2d88 elementor-widget elementor-widget-text-editor\" data-id=\"593d2d88\" data-element_type=\"widget\" data-widget_type=\"text-editor.default\">\n\t\t\t\t<div class=\"elementor-widget-container\">\n\t\t\t\t\t\t\t<p data-sourcepos=\"1:1-1:89\"><span style=\"color: #005a8c;\"><strong>Le Grand Site de France Cap d&rsquo;Erquy-Cap Fr\u00e9hel : Une symphonie de nature et d&rsquo;histoire.<\/strong><\/span><\/p><p><span style=\"color: #005a8c;\"><span style=\"color: #e4992f;\"><strong><a style=\"color: #e4992f;\" href=\"https:\/\/grandsite-capserquyfrehel.com\/\">Le Grand Site de France Cap d&rsquo;Erquy-Cap Fr\u00e9hel<\/a><\/strong><\/span> offre des paysages dignes des cartes postales avec un m\u00e9lange de falaises en gr\u00e8s rose, du sable blanc et une mer turquoise. C&rsquo;est aussi un habitat naturel pour des esp\u00e8ces ornithologiques.<\/span><\/p><p data-sourcepos=\"3:1-3:28\"><span style=\"color: #005a8c;\"><strong>Imaginez-vous des falaises de gr\u00e8s rose se dressant fi\u00e8rement face \u00e0 la mer turquoise, des plages de sable fin bord\u00e9es de landes fleuries et une faune et une flore exceptionnelles.<\/strong> <\/span><\/p><p data-sourcepos=\"3:1-3:28\"><span style=\"color: #005a8c;\">C&rsquo;est ce panorama \u00e9poustouflant qui vous attend au <strong>Grand Site de France Cap d&rsquo;Erquy-Cap Fr\u00e9hel<\/strong>, un joyau naturel nich\u00e9 sur la c\u00f4te d&rsquo;\u00c9meraude et la c\u00f4te de Penthi\u00e8vre en Bretagne.<\/span><\/p>\t\t\t\t\t\t<\/div>\n\t\t\t\t<\/div>\n\t\t\t\t\t<\/div>\n\t\t<\/div>\n\t\t\t\t<div class=\"elementor-column elementor-col-33 elementor-top-column elementor-element elementor-element-48b58b7a\" data-id=\"48b58b7a\" data-element_type=\"column\">\n\t\t\t<div class=\"elementor-widget-wrap elementor-element-populated\">\n\t\t\t\t\t\t\t\t<div class=\"elementor-element elementor-element-3e2ad0e elementor-widget elementor-widget-alloggio_core_image_with_text\" data-id=\"3e2ad0e\" data-element_type=\"widget\" data-widget_type=\"alloggio_core_image_with_text.default\">\n\t\t\t\t<div class=\"elementor-widget-container\">\n\t\t\t<div class=\"qodef-shortcode qodef-m  qodef-image-with-text qodef-layout--text-below  \">\n\t<div class=\"qodef-m-image\">\n\t\t\t\t\t\t\t\t\t<img loading=\"lazy\" decoding=\"async\" width=\"800\" height=\"522\" src=\"https:\/\/www.gites-du-pecheur.com\/wp-content\/uploads\/2021\/07\/val-andre.jpg\" class=\"qodef-e-main-image\" alt=\"\" srcset=\"https:\/\/www.gites-du-pecheur.com\/wp-content\/uploads\/2021\/07\/val-andre.jpg 800w, https:\/\/www.gites-du-pecheur.com\/wp-content\/uploads\/2021\/07\/val-andre-300x196.jpg 300w, https:\/\/www.gites-du-pecheur.com\/wp-content\/uploads\/2021\/07\/val-andre-768x501.jpg 768w\" sizes=\"auto, (max-width: 800px) 100vw, 800px\" \/>\t\t\t\t\t\t\t\t\t<\/div>\t<div class=\"qodef-m-content\">\n\t\t\t<h3 class=\"qodef-m-title\" style=\"margin-top: 20px\">\n\t\t\t\t\tPl\u00e9neuf Val-Andr\u00e9 (12km)\t\t\t<\/h3>\n\t\t\t<\/div>\n<\/div>\t\t<\/div>\n\t\t\t\t<\/div>\n\t\t\t\t<div class=\"elementor-element elementor-element-5076999d elementor-widget elementor-widget-text-editor\" data-id=\"5076999d\" data-element_type=\"widget\" data-widget_type=\"text-editor.default\">\n\t\t\t\t<div class=\"elementor-widget-container\">\n\t\t\t\t\t\t\t<p><span style=\"background-color: #ffffff; font-weight: bolder; color: #005a8c;\">Pl\u00e9neuf Val Andr\u00e9 : Une station baln\u00e9aire aux trois visages<\/span><\/p><p><a href=\"https:\/\/www.capderquy-valandre.com\/pleneuf-val-andre\" target=\"_blank\" rel=\"noopener\"><span style=\"color: #005a8c;\"><span style=\"color: #e4992f;\"><strong>Pl\u00e9neuf Val Andr\u00e9<\/strong><\/span><\/span><\/a><span style=\"color: #005a8c;\"> est une station baln\u00e9aire class\u00e9e et compos\u00e9e de 3 quartiers\u00a0: le bourg de Pl\u00e9neuf, Le Val Andr\u00e9 est la station baln\u00e9aire et Dahou\u00ebt avec son petit port traditionnel.<\/span><\/p><p data-sourcepos=\"1:1-1:62\">\u00a0<\/p><p data-sourcepos=\"3:1-3:59\"><span style=\"color: #005a8c;\"><strong>Pl\u00e9neuf Val Andr\u00e9<\/strong>, station baln\u00e9aire class\u00e9e de la c\u00f4te d&rsquo;\u00c9meraude en Bretagne, offre une diversit\u00e9 d&rsquo;ambiances et d&rsquo;activit\u00e9s pour des vacances inoubliables. D\u00e9couvrez ses trois quartiers aux charmes distincts :**<\/span><\/p><p data-sourcepos=\"5:1-5:36\"><span style=\"color: #005a8c;\"><strong>Pl\u00e9neuf, le bourg historique<\/strong><\/span><\/p><p data-sourcepos=\"5:1-5:36\"><strong style=\"color: #005a8c;\">Val Andr\u00e9, la station baln\u00e9aire anim\u00e9e<\/strong><\/p><p data-sourcepos=\"5:1-5:36\"><strong style=\"color: #005a8c;\">Dahou\u00ebt, le petit port de charme<\/strong><\/p>\t\t\t\t\t\t<\/div>\n\t\t\t\t<\/div>\n\t\t\t\t\t<\/div>\n\t\t<\/div>\n\t\t\t\t<div class=\"elementor-column elementor-col-33 elementor-top-column elementor-element elementor-element-3e7e8351\" data-id=\"3e7e8351\" data-element_type=\"column\">\n\t\t\t<div class=\"elementor-widget-wrap elementor-element-populated\">\n\t\t\t\t\t\t\t\t<div class=\"elementor-element elementor-element-5c5cea92 elementor-widget elementor-widget-alloggio_core_image_with_text\" data-id=\"5c5cea92\" data-element_type=\"widget\" data-widget_type=\"alloggio_core_image_with_text.default\">\n\t\t\t\t<div class=\"elementor-widget-container\">\n\t\t\t<div class=\"qodef-shortcode qodef-m  qodef-image-with-text qodef-layout--text-below  \">\n\t<div class=\"qodef-m-image\">\n\t\t\t\t\t\t\t\t\t<img loading=\"lazy\" decoding=\"async\" width=\"800\" height=\"522\" src=\"https:\/\/www.gites-du-pecheur.com\/wp-content\/uploads\/2021\/07\/sables-d-or-les-pins.jpg\" class=\"qodef-e-main-image\" alt=\"\" srcset=\"https:\/\/www.gites-du-pecheur.com\/wp-content\/uploads\/2021\/07\/sables-d-or-les-pins.jpg 800w, https:\/\/www.gites-du-pecheur.com\/wp-content\/uploads\/2021\/07\/sables-d-or-les-pins-300x196.jpg 300w, https:\/\/www.gites-du-pecheur.com\/wp-content\/uploads\/2021\/07\/sables-d-or-les-pins-768x501.jpg 768w\" sizes=\"auto, (max-width: 800px) 100vw, 800px\" \/>\t\t\t\t\t\t\t\t\t<\/div>\t<div class=\"qodef-m-content\">\n\t\t\t<h3 class=\"qodef-m-title\" style=\"margin-top: 20px\">\n\t\t\t\t\tFr\u00e9hel (8,5km)\t\t\t<\/h3>\n\t\t\t<\/div>\n<\/div>\t\t<\/div>\n\t\t\t\t<\/div>\n\t\t\t\t<div class=\"elementor-element elementor-element-11d81e82 elementor-widget elementor-widget-text-editor\" data-id=\"11d81e82\" data-element_type=\"widget\" data-widget_type=\"text-editor.default\">\n\t\t\t\t<div class=\"elementor-widget-container\">\n\t\t\t\t\t\t\t<p><span style=\"color: #005a8c;\"><strong>Fr\u00e9hel : Une commune aux multiples facettes<\/strong><\/span><\/p><p data-sourcepos=\"3:1-3:99\"><span style=\"color: #005a8c;\"><strong>Fr\u00e9hel<\/strong>, commune c\u00f4ti\u00e8re de la c\u00f4te d&rsquo;\u00c9meraude en Bretagne, offre une diversit\u00e9 de paysages et d&rsquo;ambiances pour des vacances inoubliables. D\u00e9couvrez ses trois p\u00f4les principaux :**<\/span><\/p><p data-sourcepos=\"5:1-5:52\"><span style=\"color: #005a8c;\"><strong>Fr\u00e9hel bourg : Un c\u0153ur historique authentique<\/strong><\/span><span style=\"color: #005a8c; font-weight: var( --e-global-typography-text-font-weight ); font-family: Geometria, 'sans-serif'; font-size: 17px;\">.<\/span><\/p><p data-sourcepos=\"11:1-11:55\"><span style=\"color: #005a8c;\"><strong>Pl\u00e9h\u00e9rel Plage : Une station baln\u00e9aire familiale<\/strong><\/span><\/p><p><span style=\"color: #005a8c;\">Profitez de la <strong>plage de l&rsquo;Anse du Croc<\/strong>, une plage de sable fin id\u00e9ale pour la baignade, le farniente et les sports nautiques.<\/span><\/p><p><span style=\"color: #005a8c;\">Admirez le <strong>superbe panorama sur le Cap Fr\u00e9hel<\/strong> depuis la plage.<\/span><\/p><p data-sourcepos=\"17:1-17:58\"><span style=\"color: #005a8c;\"><strong>Sables d&rsquo;Or les Pins : Une station baln\u00e9aire anim\u00e9e<\/strong><\/span><\/p><p><span style=\"color: #005a8c;\">Profitez des <strong>5 km de plage de sable fin<\/strong> pour vous baigner, bronzer et pratiquer des sports nautiques.<\/span><\/p>\t\t\t\t\t\t<\/div>\n\t\t\t\t<\/div>\n\t\t\t\t\t<\/div>\n\t\t<\/div>\n\t\t\t\t\t\t\t<\/div>\n\t\t<\/section>\n\t\t\t\t<section class=\"elementor-section elementor-top-section elementor-element elementor-element-6a8570d elementor-section-full_width qodef-elementor-content-grid elementor-section-height-default elementor-section-height-default\" data-id=\"6a8570d\" data-element_type=\"section\">\n\t\t\t\t\t\t<div class=\"elementor-container elementor-column-gap-no\">\n\t\t\t\t\t<div class=\"elementor-column elementor-col-33 elementor-top-column elementor-element elementor-element-0af6c4a\" data-id=\"0af6c4a\" data-element_type=\"column\">\n\t\t\t<div class=\"elementor-widget-wrap elementor-element-populated\">\n\t\t\t\t\t\t\t\t<div class=\"elementor-element elementor-element-39260cb elementor-widget elementor-widget-alloggio_core_image_with_text\" data-id=\"39260cb\" data-element_type=\"widget\" data-widget_type=\"alloggio_core_image_with_text.default\">\n\t\t\t\t<div class=\"elementor-widget-container\">\n\t\t\t<div class=\"qodef-shortcode qodef-m  qodef-image-with-text qodef-layout--text-below  \">\n\t<div class=\"qodef-m-image\">\n\t\t\t\t\t\t\t\t\t<img loading=\"lazy\" decoding=\"async\" width=\"800\" height=\"522\" src=\"https:\/\/www.gites-du-pecheur.com\/wp-content\/uploads\/2021\/07\/plevenon.jpg\" class=\"qodef-e-main-image\" alt=\"\" srcset=\"https:\/\/www.gites-du-pecheur.com\/wp-content\/uploads\/2021\/07\/plevenon.jpg 800w, https:\/\/www.gites-du-pecheur.com\/wp-content\/uploads\/2021\/07\/plevenon-300x196.jpg 300w, https:\/\/www.gites-du-pecheur.com\/wp-content\/uploads\/2021\/07\/plevenon-768x501.jpg 768w\" sizes=\"auto, (max-width: 800px) 100vw, 800px\" \/>\t\t\t\t\t\t\t\t\t<\/div>\t<div class=\"qodef-m-content\">\n\t\t\t<h3 class=\"qodef-m-title\" style=\"margin-top: 20px\">\n\t\t\t\t\tPl\u00e9venon-Cap Fr\u00e9hel (12,8km)\t\t\t<\/h3>\n\t\t\t<\/div>\n<\/div>\t\t<\/div>\n\t\t\t\t<\/div>\n\t\t\t\t<div class=\"elementor-element elementor-element-f0dd698 elementor-widget elementor-widget-text-editor\" data-id=\"f0dd698\" data-element_type=\"widget\" data-widget_type=\"text-editor.default\">\n\t\t\t\t<div class=\"elementor-widget-container\">\n\t\t\t\t\t\t\t<p><strong style=\"color: #005a8c;\">Pl\u00e9venon : Entre falaises vertigineuses et ch\u00e2teau m\u00e9di\u00e9val<\/strong><\/p><p data-sourcepos=\"3:1-3:60\"><span style=\"color: #005a8c;\"><strong>Pl\u00e9venon<\/strong>, commune du littoral breton nich\u00e9e entre Saint-Brieuc et Dinan, offre aux visiteurs deux tr\u00e9sors incontournables :**<\/span><\/p><p data-sourcepos=\"5:1-5:52\"><span style=\"color: #005a8c;\"><strong>1.\u00a0<\/strong><\/span><strong><a style=\"font-weight: var( --e-global-typography-text-font-weight ); background-color: #ffffff;\" href=\"https:\/\/www.dinan-capfrehel.com\/notre-destination\/a-ne-manquer-pretexte\/cap-frehel-site-naturel-grandiose-bretagne\/\" target=\"_blank\" rel=\"noopener\">Le Cap Fr\u00e9hel<\/a><\/strong><strong style=\"color: #005a8c;\">\u00a0Un spectacle naturel \u00e9poustouflant<\/strong><\/p><ul data-sourcepos=\"7:1-7:115\"><li data-sourcepos=\"7:1-7:115\"><span style=\"color: #005a8c;\"><strong>Admirez les falaises de gr\u00e8s rose culminant \u00e0 70 m\u00e8tres de hauteur<\/strong>, offrant un panorama saisissant sur la mer d&rsquo;\u00c9meraude.<\/span><\/li><li data-sourcepos=\"8:1-8:90\"><span style=\"color: #005a8c;\"><strong>Parcourez les sentiers de randonn\u00e9e<\/strong> et d\u00e9couvrez des paysages sauvages et pr\u00e9serv\u00e9s.<\/span><\/li><li data-sourcepos=\"9:1-9:12\"><span style=\"color: #005a8c;\"><strong>Observez la faune et la flore exceptionnelles du site<\/strong>, class\u00e9es Natura 2000.<\/span><\/li><li data-sourcepos=\"10:1-11:0\"><span style=\"color: #005a8c;\"><strong>Profitez des activit\u00e9s nautiques<\/strong> : voile, kayak, paddle, p\u00eache&#8230;<\/span><\/li><\/ul><p data-sourcepos=\"12:1-12:49\"><span style=\"color: #005a8c;\"><strong>2.\u00a0\u00a0<\/strong><\/span><strong><a style=\"font-weight: var( --e-global-typography-text-font-weight ); font-family: Geometria, 'sans-serif'; font-size: 17px;\" href=\"https:\/\/www.lefortlalatte.com\/\" target=\"_blank\" rel=\"noopener\">Le Fort La Latte<\/a>\u00a0<\/strong><strong style=\"color: #005a8c;\">: Un voyage dans le temps<\/strong><\/p><ul data-sourcepos=\"14:1-17:46\"><li data-sourcepos=\"14:1-14:86\"><span style=\"color: #005a8c;\"><strong>Visitez ce ch\u00e2teau du XIV\u00e8me si\u00e8cle<\/strong>, perch\u00e9 sur un \u00e9peron rocheux face \u00e0 la mer.<\/span><\/li><li data-sourcepos=\"15:1-15:91\"><span style=\"color: #005a8c;\"><strong>D\u00e9couvrez son histoire riche et mouvement\u00e9e<\/strong>, marqu\u00e9e par les si\u00e8ges et les batailles.<\/span><\/li><li data-sourcepos=\"16:1-16:75\"><span style=\"color: #005a8c;\"><strong>Explorez ses fortifications<\/strong> et admirez la vue imprenable sur la c\u00f4te.<\/span><\/li><li data-sourcepos=\"17:1-17:46\"><span style=\"color: #005a8c;\"><strong>Plongez dans l&rsquo;atmosph\u00e8re m\u00e9di\u00e9vale<\/strong> lors des animations et spectacles organis\u00e9s tout au long de l&rsquo;ann\u00e9e.<\/span><\/li><\/ul>\t\t\t\t\t\t<\/div>\n\t\t\t\t<\/div>\n\t\t\t\t\t<\/div>\n\t\t<\/div>\n\t\t\t\t<div class=\"elementor-column elementor-col-33 elementor-top-column elementor-element elementor-element-49cea10\" data-id=\"49cea10\" data-element_type=\"column\">\n\t\t\t<div class=\"elementor-widget-wrap elementor-element-populated\">\n\t\t\t\t\t\t\t\t<div class=\"elementor-element elementor-element-5ab2dfc elementor-widget elementor-widget-alloggio_core_image_with_text\" data-id=\"5ab2dfc\" data-element_type=\"widget\" data-widget_type=\"alloggio_core_image_with_text.default\">\n\t\t\t\t<div class=\"elementor-widget-container\">\n\t\t\t<div class=\"qodef-shortcode qodef-m  qodef-image-with-text qodef-layout--text-below  \">\n\t<div class=\"qodef-m-image\">\n\t\t\t\t\t\t\t\t\t<img loading=\"lazy\" decoding=\"async\" width=\"800\" height=\"522\" src=\"https:\/\/www.gites-du-pecheur.com\/wp-content\/uploads\/2021\/07\/st-cast-le-guildo.jpg\" class=\"qodef-e-main-image\" alt=\"\" srcset=\"https:\/\/www.gites-du-pecheur.com\/wp-content\/uploads\/2021\/07\/st-cast-le-guildo.jpg 800w, https:\/\/www.gites-du-pecheur.com\/wp-content\/uploads\/2021\/07\/st-cast-le-guildo-300x196.jpg 300w, https:\/\/www.gites-du-pecheur.com\/wp-content\/uploads\/2021\/07\/st-cast-le-guildo-768x501.jpg 768w\" sizes=\"auto, (max-width: 800px) 100vw, 800px\" \/>\t\t\t\t\t\t\t\t\t<\/div>\t<div class=\"qodef-m-content\">\n\t\t\t<h3 class=\"qodef-m-title\" style=\"margin-top: 20px\">\n\t\t\t\t\tSaint-Cast-le-Guildo (21,4km)\t\t\t<\/h3>\n\t\t\t<\/div>\n<\/div>\t\t<\/div>\n\t\t\t\t<\/div>\n\t\t\t\t<div class=\"elementor-element elementor-element-38fe1c5 elementor-widget elementor-widget-text-editor\" data-id=\"38fe1c5\" data-element_type=\"widget\" data-widget_type=\"text-editor.default\">\n\t\t\t\t<div class=\"elementor-widget-container\">\n\t\t\t\t\t\t\t<p data-sourcepos=\"1:1-1:75\"><span style=\"color: #005a8c;\"><strong>Saint-Cast-le-Guildo : Une escapade enchanteresse sur la C\u00f4te d&rsquo;\u00c9meraude<\/strong><\/span><\/p><p data-sourcepos=\"3:1-3:21\"><span style=\"color: #005a8c;\"><strong><a style=\"color: #005a8c;\" href=\"https:\/\/www.dinan-capfrehel.com\/votre-sejour\/idees-sejours-journees\/journees\/retrouvailles-en-famille-a-saint-cast-le-guildo\/\" target=\"_blank\" rel=\"noopener\">Saint-Cast-le-Guildo<\/a><\/strong>, station baln\u00e9aire class\u00e9e nich\u00e9e sur la C\u00f4te d&rsquo;\u00c9meraude en Bretagne, vous invite \u00e0 d\u00e9couvrir ses charmes authentiques et ses paysages spectaculaires. Avec ses <strong>sept plages de sable fin<\/strong>, ses criques sauvages et ses sentiers de randonn\u00e9e c\u00f4tiers**, Saint-Cast-le-Guildo est un v\u00e9ritable paradis pour les amoureux de la nature et du grand air.<\/span><\/p><p data-sourcepos=\"5:1-5:34\"><span style=\"color: #005a8c;\"><strong>Profitez des joies de la plage<\/strong><\/span><\/p><ul data-sourcepos=\"7:1-7:12\"><li data-sourcepos=\"7:1-7:12\"><span style=\"color: #005a8c;\"><strong>Baignade, farniente, sports nautiques :<\/strong> Saint-Cast-le-Guildo offre une multitude d&rsquo;activit\u00e9s pour tous les go\u00fbts.<\/span><\/li><\/ul><p data-sourcepos=\"12:1-12:52\"><span style=\"color: #005a8c;\"><strong>Partez \u00e0 la d\u00e9couverte des sentiers de randonn\u00e9e<\/strong><\/span><\/p><ul data-sourcepos=\"20:1-22:16\"><li data-sourcepos=\"14:1-14:158\"><span style=\"color: #005a8c;\"><strong>Sentier des douaniers :<\/strong> Offrant des vues imprenables sur la mer et la c\u00f4te d\u00e9coup\u00e9e, ce sentier est un incontournable pour les amoureux de la randonn\u00e9e.<\/span><\/li><li data-sourcepos=\"15:1-15:117\"><span style=\"color: #005a8c;\"><strong>Sentier de la pointe de Saint-Cast :<\/strong> Un parcours facile et accessible \u00e0 tous, id\u00e9al pour une balade en famille.<\/span><\/li><li data-sourcepos=\"16:1-17:0\"><span style=\"color: #005a8c;\"><strong>Sentier de la pointe du Guildo :<\/strong> Un sentier plus sportif qui vous m\u00e8nera \u00e0 la d\u00e9couverte de paysages sauvages et pr\u00e9serv\u00e9s.<\/span><\/li><\/ul>\t\t\t\t\t\t<\/div>\n\t\t\t\t<\/div>\n\t\t\t\t\t<\/div>\n\t\t<\/div>\n\t\t\t\t<div class=\"elementor-column elementor-col-33 elementor-top-column elementor-element elementor-element-8a373fd\" data-id=\"8a373fd\" data-element_type=\"column\">\n\t\t\t<div class=\"elementor-widget-wrap elementor-element-populated\">\n\t\t\t\t\t\t\t\t<div class=\"elementor-element elementor-element-3f7d0b1 elementor-widget elementor-widget-alloggio_core_image_with_text\" data-id=\"3f7d0b1\" data-element_type=\"widget\" data-widget_type=\"alloggio_core_image_with_text.default\">\n\t\t\t\t<div class=\"elementor-widget-container\">\n\t\t\t<div class=\"qodef-shortcode qodef-m  qodef-image-with-text qodef-layout--text-below  \">\n\t<div class=\"qodef-m-image\">\n\t\t\t\t\t\t\t\t\t<img loading=\"lazy\" decoding=\"async\" width=\"800\" height=\"522\" src=\"https:\/\/www.gites-du-pecheur.com\/wp-content\/uploads\/2021\/07\/st-jacut-de-la-mer.jpg\" class=\"qodef-e-main-image\" alt=\"\" srcset=\"https:\/\/www.gites-du-pecheur.com\/wp-content\/uploads\/2021\/07\/st-jacut-de-la-mer.jpg 800w, https:\/\/www.gites-du-pecheur.com\/wp-content\/uploads\/2021\/07\/st-jacut-de-la-mer-300x196.jpg 300w, https:\/\/www.gites-du-pecheur.com\/wp-content\/uploads\/2021\/07\/st-jacut-de-la-mer-768x501.jpg 768w\" sizes=\"auto, (max-width: 800px) 100vw, 800px\" \/>\t\t\t\t\t\t\t\t\t<\/div>\t<div class=\"qodef-m-content\">\n\t\t\t<h3 class=\"qodef-m-title\" style=\"margin-top: 20px\">\n\t\t\t\t\tSaint-Jacut-de-la-Mer (21,9km)\t\t\t<\/h3>\n\t\t\t<\/div>\n<\/div>\t\t<\/div>\n\t\t\t\t<\/div>\n\t\t\t\t<div class=\"elementor-element elementor-element-43882be elementor-widget elementor-widget-text-editor\" data-id=\"43882be\" data-element_type=\"widget\" data-widget_type=\"text-editor.default\">\n\t\t\t\t<div class=\"elementor-widget-container\">\n\t\t\t\t\t\t\t<p><span style=\"color: #005a8c;\"><strong>Saint-Jacut-de-la-Mer : une presqu&rsquo;\u00eele authentique en Bretagne &#8211; Visitez l&rsquo;archipel des \u00c9bihens<\/strong><\/span><\/p><p><span style=\"color: #005a8c;\">D\u00e9couvrez <strong>Saint-Jacut-de-la-Mer<\/strong>, une charmante <strong>presqu&rsquo;\u00eele<\/strong> de la <strong>C\u00f4te d&rsquo;\u00c9meraude<\/strong>. Ce <strong>petit bourg authentique<\/strong> vous s\u00e9duira par son charme et sa tranquillit\u00e9. <\/span><\/p><p><span style=\"color: #005a8c;\">Ne manquez pas de visiter l&rsquo;<strong>archipel des <a href=\"https:\/\/www.dinan-capfrehel.com\/les-ebihens-randonnee\/\" target=\"_blank\" rel=\"noopener\">Ebihens<\/a><\/strong>, accessible \u00e0 pied \u00e0 <strong>mar\u00e9e basse<\/strong> depuis la <strong>pointe du Chevet<\/strong>. <\/span><\/p><p><span style=\"color: #005a8c;\">Attention toutefois aux <strong>horaires de mar\u00e9es<\/strong> ! Partez \u00e0 la d\u00e9couverte de cette <strong>nature pr\u00e9serv\u00e9e<\/strong> et profitez des nombreuses <strong>activit\u00e9s<\/strong> propos\u00e9es : <strong>randonn\u00e9es<\/strong>, <strong>baignades<\/strong>, <strong>sports nautiques<\/strong>. <\/span><\/p><p>\u00a0<\/p>\t\t\t\t\t\t<\/div>\n\t\t\t\t<\/div>\n\t\t\t\t\t<\/div>\n\t\t<\/div>\n\t\t\t\t\t\t\t<\/div>\n\t\t<\/section>\n\t\t\t\t<section class=\"elementor-section elementor-top-section elementor-element elementor-element-a4e1186 elementor-section-full_width qodef-elementor-content-grid elementor-section-height-default elementor-section-height-default\" data-id=\"a4e1186\" data-element_type=\"section\">\n\t\t\t\t\t\t<div class=\"elementor-container elementor-column-gap-no\">\n\t\t\t\t\t<div class=\"elementor-column elementor-col-33 elementor-top-column elementor-element elementor-element-c4a8c5b\" data-id=\"c4a8c5b\" data-element_type=\"column\">\n\t\t\t<div class=\"elementor-widget-wrap elementor-element-populated\">\n\t\t\t\t\t\t\t\t<div class=\"elementor-element elementor-element-ab7d0b9 elementor-widget elementor-widget-alloggio_core_image_with_text\" data-id=\"ab7d0b9\" data-element_type=\"widget\" data-widget_type=\"alloggio_core_image_with_text.default\">\n\t\t\t\t<div class=\"elementor-widget-container\">\n\t\t\t<div class=\"qodef-shortcode qodef-m  qodef-image-with-text qodef-layout--text-below  \">\n\t<div class=\"qodef-m-image\">\n\t\t\t\t\t\t\t\t\t<img loading=\"lazy\" decoding=\"async\" width=\"800\" height=\"522\" src=\"https:\/\/www.gites-du-pecheur.com\/wp-content\/uploads\/2021\/07\/dinard.jpg\" class=\"qodef-e-main-image\" alt=\"\" srcset=\"https:\/\/www.gites-du-pecheur.com\/wp-content\/uploads\/2021\/07\/dinard.jpg 800w, https:\/\/www.gites-du-pecheur.com\/wp-content\/uploads\/2021\/07\/dinard-300x196.jpg 300w, https:\/\/www.gites-du-pecheur.com\/wp-content\/uploads\/2021\/07\/dinard-768x501.jpg 768w\" sizes=\"auto, (max-width: 800px) 100vw, 800px\" \/>\t\t\t\t\t\t\t\t\t<\/div>\t<div class=\"qodef-m-content\">\n\t\t\t<h3 class=\"qodef-m-title\" style=\"margin-top: 20px\">\n\t\t\t\t\tDinard (39,5km)\t\t\t<\/h3>\n\t\t\t<\/div>\n<\/div>\t\t<\/div>\n\t\t\t\t<\/div>\n\t\t\t\t<div class=\"elementor-element elementor-element-b4bcbfb elementor-widget elementor-widget-text-editor\" data-id=\"b4bcbfb\" data-element_type=\"widget\" data-widget_type=\"text-editor.default\">\n\t\t\t\t<div class=\"elementor-widget-container\">\n\t\t\t\t\t\t\t<p><span style=\"color: #005a8c;\"><strong><span style=\"color: #e4992f;\"><a style=\"color: #e4992f;\" href=\"https:\/\/www.dinardemeraudetourisme.com\/\" target=\"_blank\" rel=\"noopener\">Dinard<\/a><\/span><\/strong> : D\u00e9couvrez la promenade du Clair de Lune et les villas class\u00e9es.<\/span><\/p><p><span style=\"color: #005a8c;\"><strong style=\"font-family: Geometria, 'sans-serif'; font-size: 17px;\">Dinard<\/strong><span style=\"font-weight: var( --e-global-typography-text-font-weight ); font-family: Geometria, 'sans-serif'; font-size: 17px;\">, \u00e9l\u00e9gante <\/span><strong style=\"font-family: Geometria, 'sans-serif'; font-size: 17px;\">station baln\u00e9aire<\/strong><span style=\"font-weight: var( --e-global-typography-text-font-weight ); font-family: Geometria, 'sans-serif'; font-size: 17px;\"> de la <\/span><strong style=\"font-family: Geometria, 'sans-serif'; font-size: 17px;\">C\u00f4te d&rsquo;\u00c9meraude<\/strong><span style=\"font-weight: var( --e-global-typography-text-font-weight ); font-family: Geometria, 'sans-serif'; font-size: 17px;\">, vous invite \u00e0 d\u00e9couvrir son charme unique. Promenez-vous sur le c\u00e9l\u00e8bre <\/span><strong style=\"font-family: Geometria, 'sans-serif'; font-size: 17px;\">Clair de Lune<\/strong><span style=\"font-weight: var( --e-global-typography-text-font-weight ); font-family: Geometria, 'sans-serif'; font-size: 17px;\"> et \u00e9merveillez-vous devant les magnifiques <\/span><strong style=\"font-family: Geometria, 'sans-serif'; font-size: 17px;\">villas class\u00e9es<\/strong><span style=\"font-weight: var( --e-global-typography-text-font-weight ); font-family: Geometria, 'sans-serif'; font-size: 17px;\"> qui bordent la c\u00f4te.<\/span><\/span><\/p><p><span style=\"color: #005a8c;\"><strong style=\"font-family: Geometria, 'sans-serif'; font-size: 17px;\">Dinard<\/strong><span style=\"font-weight: var( --e-global-typography-text-font-weight ); font-family: Geometria, 'sans-serif'; font-size: 17px;\"> est une v\u00e9ritable <\/span><strong style=\"font-family: Geometria, 'sans-serif'; font-size: 17px;\">ville d&rsquo;art<\/strong><span style=\"font-weight: var( --e-global-typography-text-font-weight ); font-family: Geometria, 'sans-serif'; font-size: 17px;\"> o\u00f9 le patrimoine architectural est mis \u00e0 l&rsquo;honneur. Les amateurs d&rsquo;histoire appr\u00e9cieront les <\/span><strong style=\"font-family: Geometria, 'sans-serif'; font-size: 17px;\">anciennes villas<\/strong><span style=\"font-weight: var( --e-global-typography-text-font-weight ); font-family: Geometria, 'sans-serif'; font-size: 17px;\"> qui t\u00e9moignent du pass\u00e9 glorieux de la station. Pour une excursion en mer, embarquez \u00e0 bord du <\/span><strong style=\"font-family: Geometria, 'sans-serif'; font-size: 17px;\">bus de mer<\/strong><span style=\"font-weight: var( --e-global-typography-text-font-weight ); font-family: Geometria, 'sans-serif'; font-size: 17px;\"> de la <\/span><span style=\"color: #e4992f;\"><strong style=\"font-family: Geometria, 'sans-serif'; font-size: 17px;\"><a style=\"color: #e4992f;\" href=\"https:\/\/compagniecorsaire.com\/destination\/bus-de-mer-saint-malo-dinard\/\" target=\"_blank\" rel=\"noopener\">compagnie corsaire<\/a><\/strong><\/span><span style=\"font-weight: var( --e-global-typography-text-font-weight ); font-family: Geometria, 'sans-serif'; font-size: 17px;\">\u00a0et rejoignez <\/span><strong style=\"font-family: Geometria, 'sans-serif'; font-size: 17px;\">Saint-Malo<\/strong><span style=\"font-weight: var( --e-global-typography-text-font-weight ); font-family: Geometria, 'sans-serif'; font-size: 17px;\">.<\/span><\/span><\/p>\t\t\t\t\t\t<\/div>\n\t\t\t\t<\/div>\n\t\t\t\t\t<\/div>\n\t\t<\/div>\n\t\t\t\t<div class=\"elementor-column elementor-col-33 elementor-top-column elementor-element elementor-element-b942b74\" data-id=\"b942b74\" data-element_type=\"column\">\n\t\t\t<div class=\"elementor-widget-wrap elementor-element-populated\">\n\t\t\t\t\t\t\t\t<div class=\"elementor-element elementor-element-41f9189 elementor-widget elementor-widget-alloggio_core_image_with_text\" data-id=\"41f9189\" data-element_type=\"widget\" data-widget_type=\"alloggio_core_image_with_text.default\">\n\t\t\t\t<div class=\"elementor-widget-container\">\n\t\t\t<div class=\"qodef-shortcode qodef-m  qodef-image-with-text qodef-layout--text-below  \">\n\t<div class=\"qodef-m-image\">\n\t\t\t\t\t\t\t\t\t<img loading=\"lazy\" decoding=\"async\" width=\"800\" height=\"522\" src=\"https:\/\/www.gites-du-pecheur.com\/wp-content\/uploads\/2021\/07\/st-malo.jpg\" class=\"qodef-e-main-image\" alt=\"\" srcset=\"https:\/\/www.gites-du-pecheur.com\/wp-content\/uploads\/2021\/07\/st-malo.jpg 800w, https:\/\/www.gites-du-pecheur.com\/wp-content\/uploads\/2021\/07\/st-malo-300x196.jpg 300w, https:\/\/www.gites-du-pecheur.com\/wp-content\/uploads\/2021\/07\/st-malo-768x501.jpg 768w\" sizes=\"auto, (max-width: 800px) 100vw, 800px\" \/>\t\t\t\t\t\t\t\t\t<\/div>\t<div class=\"qodef-m-content\">\n\t\t\t<h3 class=\"qodef-m-title\" style=\"margin-top: 20px\">\n\t\t\t\t\tSaint-Malo (46,6km)\t\t\t<\/h3>\n\t\t\t<\/div>\n<\/div>\t\t<\/div>\n\t\t\t\t<\/div>\n\t\t\t\t<div class=\"elementor-element elementor-element-a7e24cb elementor-widget elementor-widget-text-editor\" data-id=\"a7e24cb\" data-element_type=\"widget\" data-widget_type=\"text-editor.default\">\n\t\t\t\t<div class=\"elementor-widget-container\">\n\t\t\t\t\t\t\t<p><span style=\"color: #005a8c;\">Saint-Malo : D\u00e9couvrez la cit\u00e9 corsaire et ses remparts | Bretagne<\/span><\/p><p><span style=\"color: #005a8c;\"><a style=\"color: #005a8c;\" href=\"https:\/\/www.saint-malo-tourisme.com\/decouvrir\/les-incontournables\/les-remparts-de-saint-malo\" target=\"_blank\" rel=\"noopener\"><strong><span style=\"color: #e4992f;\">Saint-Malo<\/span><\/strong><\/a>, c\u00e9l\u00e8bre <strong>cit\u00e9 corsaire<\/strong> de <strong>Bretagne<\/strong>, vous invite \u00e0 d\u00e9couvrir son riche patrimoine. Promenez-vous sur ses <strong>remparts<\/strong> et impr\u00e9gnez-vous de l&rsquo;histoire de cette ville fortifi\u00e9e.<\/span><\/p><p><span style=\"color: #005a8c;\">Dans le quartier de <strong>Roth\u00e9neuf<\/strong>, laissez-vous s\u00e9duire par les \u00e9tonnants <strong>rochers sculpt\u00e9s<\/strong> fa\u00e7onn\u00e9s par la nature. Pour les gourmands, une escapade \u00e0 <a style=\"color: #005a8c;\" href=\"https:\/\/www.saint-malo-tourisme.com\/nos-tresors-preserves\/les-perles-de-la-cote-cancalaise-cancale-les-perles-de-la-cote\/\" target=\"_blank\" rel=\"noopener\"><span style=\"color: #e4992f;\"><strong>Cancale<\/strong><\/span><\/a>\u00a0s&rsquo;impose pour d\u00e9guster les d\u00e9licieuses <strong>hu\u00eetres creuses.<\/strong><\/span><\/p>\t\t\t\t\t\t<\/div>\n\t\t\t\t<\/div>\n\t\t\t\t\t<\/div>\n\t\t<\/div>\n\t\t\t\t<div class=\"elementor-column elementor-col-33 elementor-top-column elementor-element elementor-element-3c0be7b\" data-id=\"3c0be7b\" data-element_type=\"column\">\n\t\t\t<div class=\"elementor-widget-wrap elementor-element-populated\">\n\t\t\t\t\t\t\t\t<div class=\"elementor-element elementor-element-84754eb elementor-widget elementor-widget-alloggio_core_image_with_text\" data-id=\"84754eb\" data-element_type=\"widget\" data-widget_type=\"alloggio_core_image_with_text.default\">\n\t\t\t\t<div class=\"elementor-widget-container\">\n\t\t\t<div class=\"qodef-shortcode qodef-m  qodef-image-with-text qodef-layout--text-below  \">\n\t<div class=\"qodef-m-image\">\n\t\t\t\t\t\t\t\t\t<img loading=\"lazy\" decoding=\"async\" width=\"800\" height=\"522\" src=\"https:\/\/www.gites-du-pecheur.com\/wp-content\/uploads\/2021\/12\/Quintin-incontournables.jpg\" class=\"qodef-e-main-image\" alt=\"\" srcset=\"https:\/\/www.gites-du-pecheur.com\/wp-content\/uploads\/2021\/12\/Quintin-incontournables.jpg 800w, https:\/\/www.gites-du-pecheur.com\/wp-content\/uploads\/2021\/12\/Quintin-incontournables-300x196.jpg 300w, https:\/\/www.gites-du-pecheur.com\/wp-content\/uploads\/2021\/12\/Quintin-incontournables-768x501.jpg 768w\" sizes=\"auto, (max-width: 800px) 100vw, 800px\" \/>\t\t\t\t\t\t\t\t\t<\/div>\t<div class=\"qodef-m-content\">\n\t\t\t<h3 class=\"qodef-m-title\" style=\"margin-top: 20px\">\n\t\t\t\t\tQuintin\u00a0(50km)\t\t\t<\/h3>\n\t\t\t<\/div>\n<\/div>\t\t<\/div>\n\t\t\t\t<\/div>\n\t\t\t\t<div class=\"elementor-element elementor-element-9276a99 elementor-widget elementor-widget-text-editor\" data-id=\"9276a99\" data-element_type=\"widget\" data-widget_type=\"text-editor.default\">\n\t\t\t\t<div class=\"elementor-widget-container\">\n\t\t\t\t\t\t\t<p><span style=\"color: #005a8c;\"><span style=\"color: #e4992f;\"><strong><a style=\"color: #e4992f;\" href=\"https:\/\/www.tourismebretagne.com\/destinations\/les-10-destinations\/baie-de-saint-brieuc-paimpol-les-caps\/quintin\/\">Quintin<\/a><\/strong><\/span>\u00a0: Petite cit\u00e9 m\u00e9di\u00e9vale de caract\u00e8re en Bretagne<\/span><\/p><p><span style=\"color: #005a8c;\"><strong>Quintin<\/strong>, charmante <strong>petite cit\u00e9 de caract\u00e8re<\/strong> en <strong>Bretagne<\/strong>, vous invite \u00e0 d\u00e9couvrir son riche patrimoine <strong>m\u00e9di\u00e9val<\/strong>. Fl\u00e2nez dans ses ruelles et admirez ses nombreux <strong>monuments historiques<\/strong>, dont deux <strong>ch\u00e2teaux<\/strong> et <strong>13 monuments class\u00e9s<\/strong>.\u00a0\u00bb<\/span><\/p><p><span style=\"color: #005a8c;\"><strong>Quintin<\/strong> abrite \u00e9galement un <strong>mus\u00e9e<\/strong> qui retrace l&rsquo;histoire de la ville. C&rsquo;est une destination id\u00e9ale pour les amoureux d&rsquo;histoire et de patrimoine.<\/span><\/p>\t\t\t\t\t\t<\/div>\n\t\t\t\t<\/div>\n\t\t\t\t\t<\/div>\n\t\t<\/div>\n\t\t\t\t\t\t\t<\/div>\n\t\t<\/section>\n\t\t\t\t<section class=\"elementor-section elementor-top-section elementor-element elementor-element-19a65f5 elementor-section-full_width qodef-elementor-content-grid elementor-section-height-default elementor-section-height-default\" data-id=\"19a65f5\" data-element_type=\"section\">\n\t\t\t\t\t\t<div class=\"elementor-container elementor-column-gap-no\">\n\t\t\t\t\t<div class=\"elementor-column elementor-col-33 elementor-top-column elementor-element elementor-element-d9dc62b\" data-id=\"d9dc62b\" data-element_type=\"column\">\n\t\t\t<div class=\"elementor-widget-wrap elementor-element-populated\">\n\t\t\t\t\t\t\t\t<div class=\"elementor-element elementor-element-18f345b elementor-widget elementor-widget-alloggio_core_image_with_text\" data-id=\"18f345b\" data-element_type=\"widget\" data-widget_type=\"alloggio_core_image_with_text.default\">\n\t\t\t\t<div class=\"elementor-widget-container\">\n\t\t\t<div class=\"qodef-shortcode qodef-m  qodef-image-with-text qodef-layout--text-below  \">\n\t<div class=\"qodef-m-image\">\n\t\t\t\t\t\t\t\t\t<img loading=\"lazy\" decoding=\"async\" width=\"800\" height=\"522\" src=\"https:\/\/www.gites-du-pecheur.com\/wp-content\/uploads\/2021\/12\/Dinan-incontournables.jpg\" class=\"qodef-e-main-image\" alt=\"\" srcset=\"https:\/\/www.gites-du-pecheur.com\/wp-content\/uploads\/2021\/12\/Dinan-incontournables.jpg 800w, https:\/\/www.gites-du-pecheur.com\/wp-content\/uploads\/2021\/12\/Dinan-incontournables-300x196.jpg 300w, https:\/\/www.gites-du-pecheur.com\/wp-content\/uploads\/2021\/12\/Dinan-incontournables-768x501.jpg 768w\" sizes=\"auto, (max-width: 800px) 100vw, 800px\" \/>\t\t\t\t\t\t\t\t\t<\/div>\t<div class=\"qodef-m-content\">\n\t\t\t<h3 class=\"qodef-m-title\" style=\"margin-top: 20px\">\n\t\t\t\t\tDinan (57km)\t\t\t<\/h3>\n\t\t\t<\/div>\n<\/div>\t\t<\/div>\n\t\t\t\t<\/div>\n\t\t\t\t<div class=\"elementor-element elementor-element-47284b0 elementor-widget elementor-widget-text-editor\" data-id=\"47284b0\" data-element_type=\"widget\" data-widget_type=\"text-editor.default\">\n\t\t\t\t<div class=\"elementor-widget-container\">\n\t\t\t\t\t\t\t<p><span style=\"color: #005a8c;\"><span style=\"color: #e4992f;\"><strong><a style=\"background-color: #ffffff; color: #e4992f;\" href=\"https:\/\/www.dinan-capfrehel.com\/centre-ville-dinan\/\">Dinan<\/a><\/strong><\/span>\u00a0: Ville m\u00e9di\u00e9vale, ch\u00e2teau et artisans d&rsquo;art en Bretagne<\/span><\/p><p><span style=\"color: #005a8c;\">Dinan : D\u00e9couvrez le charme de cette cit\u00e9 m\u00e9di\u00e9vale, son ch\u00e2teau et ses artisans d&rsquo;art<\/span><\/p><p><span style=\"color: #005a8c;\">Visitez Dinan, ville d&rsquo;art et d&rsquo;histoire en Bretagne. Fl\u00e2nez dans les ruelles m\u00e9di\u00e9vales, admirez le ch\u00e2teau et d\u00e9couvrez les cr\u00e9ations des artisans d&rsquo;art dans la rue du Jerzual.<\/span><\/p><p><span style=\"color: #005a8c;\"><strong>Dinan<\/strong>, charmante <strong>ville d&rsquo;art et d&rsquo;histoire<\/strong> en <strong>Bretagne<\/strong>, vous invite \u00e0 d\u00e9couvrir son riche patrimoine <strong>m\u00e9di\u00e9val<\/strong>. Fl\u00e2nez dans ses ruelles pav\u00e9es et admirez son imposant <strong>ch\u00e2teau.<\/strong><\/span><\/p><p><span style=\"color: #005a8c;\">Ne manquez pas la <strong>tour de l&rsquo;horloge<\/strong> et ses m\u00e9canismes anciens. Pour les amateurs d&rsquo;art, la <strong>rue du Jerzual<\/strong> est un incontournable. Vous y trouverez de nombreuses <strong>\u00e9choppes<\/strong> d&rsquo;<strong>artistes<\/strong> et d&rsquo;<strong>artisans d&rsquo;art<\/strong> qui vous feront d\u00e9couvrir leurs cr\u00e9ations uniques.<\/span><\/p>\t\t\t\t\t\t<\/div>\n\t\t\t\t<\/div>\n\t\t\t\t\t<\/div>\n\t\t<\/div>\n\t\t\t\t<div class=\"elementor-column elementor-col-33 elementor-top-column elementor-element elementor-element-d35113d\" data-id=\"d35113d\" data-element_type=\"column\">\n\t\t\t<div class=\"elementor-widget-wrap elementor-element-populated\">\n\t\t\t\t\t\t\t\t<div class=\"elementor-element elementor-element-f7cfdbc elementor-widget elementor-widget-alloggio_core_image_with_text\" data-id=\"f7cfdbc\" data-element_type=\"widget\" data-widget_type=\"alloggio_core_image_with_text.default\">\n\t\t\t\t<div class=\"elementor-widget-container\">\n\t\t\t<div class=\"qodef-shortcode qodef-m  qodef-image-with-text qodef-layout--text-below  \">\n\t<div class=\"qodef-m-image\">\n\t\t\t\t\t\t\t\t\t<img loading=\"lazy\" decoding=\"async\" width=\"800\" height=\"533\" src=\"https:\/\/www.gites-du-pecheur.com\/wp-content\/uploads\/2021\/12\/Moncontour-incontournables.jpg\" class=\"qodef-e-main-image\" alt=\"\" srcset=\"https:\/\/www.gites-du-pecheur.com\/wp-content\/uploads\/2021\/12\/Moncontour-incontournables.jpg 800w, https:\/\/www.gites-du-pecheur.com\/wp-content\/uploads\/2021\/12\/Moncontour-incontournables-300x200.jpg 300w, https:\/\/www.gites-du-pecheur.com\/wp-content\/uploads\/2021\/12\/Moncontour-incontournables-768x512.jpg 768w\" sizes=\"auto, (max-width: 800px) 100vw, 800px\" \/>\t\t\t\t\t\t\t\t\t<\/div>\t<div class=\"qodef-m-content\">\n\t\t\t<h3 class=\"qodef-m-title\" style=\"margin-top: 20px\">\n\t\t\t\t\tMoncontour (57km)\t\t\t<\/h3>\n\t\t\t<\/div>\n<\/div>\t\t<\/div>\n\t\t\t\t<\/div>\n\t\t\t\t<div class=\"elementor-element elementor-element-e640798 elementor-widget elementor-widget-text-editor\" data-id=\"e640798\" data-element_type=\"widget\" data-widget_type=\"text-editor.default\">\n\t\t\t\t<div class=\"elementor-widget-container\">\n\t\t\t\t\t\t\t<p><span style=\"color: #005a8c;\"><span style=\"color: #e4992f;\"><strong><a style=\"color: #e4992f;\" href=\"https:\/\/www.capderquy-valandre.com\/moncontour\">Moncontour<\/a>\u00a0<\/strong><\/span>Un joyau parmi les <strong>plus beaux villages de France<\/strong>. Perdez-vous dans ses <strong>ruelles pav\u00e9es<\/strong>, admirez ses <strong>maisons \u00e0 colombages<\/strong> et impr\u00e9gnez-vous de son atmosph\u00e8re m\u00e9di\u00e9vale.<\/span><\/p><p><span style=\"color: #005a8c;\">Visitez Moncontour, class\u00e9 parmi les plus beaux villages de France. Fl\u00e2nez dans ses ruelles pav\u00e9es et admirez ses maisons anciennes.<\/span><\/p>\t\t\t\t\t\t<\/div>\n\t\t\t\t<\/div>\n\t\t\t\t\t<\/div>\n\t\t<\/div>\n\t\t\t\t<div class=\"elementor-column elementor-col-33 elementor-top-column elementor-element elementor-element-606aa98\" data-id=\"606aa98\" data-element_type=\"column\">\n\t\t\t<div class=\"elementor-widget-wrap elementor-element-populated\">\n\t\t\t\t\t\t\t\t<div class=\"elementor-element elementor-element-a35648a elementor-widget elementor-widget-alloggio_core_image_with_text\" data-id=\"a35648a\" data-element_type=\"widget\" data-widget_type=\"alloggio_core_image_with_text.default\">\n\t\t\t\t<div class=\"elementor-widget-container\">\n\t\t\t<div class=\"qodef-shortcode qodef-m  qodef-image-with-text qodef-layout--text-below  \">\n\t<div class=\"qodef-m-image\">\n\t\t\t\t\t\t\t\t\t<img loading=\"lazy\" decoding=\"async\" width=\"800\" height=\"522\" src=\"https:\/\/www.gites-du-pecheur.com\/wp-content\/uploads\/2021\/07\/brehat.jpg\" class=\"qodef-e-main-image\" alt=\"\" srcset=\"https:\/\/www.gites-du-pecheur.com\/wp-content\/uploads\/2021\/07\/brehat.jpg 800w, https:\/\/www.gites-du-pecheur.com\/wp-content\/uploads\/2021\/07\/brehat-300x196.jpg 300w, https:\/\/www.gites-du-pecheur.com\/wp-content\/uploads\/2021\/07\/brehat-768x501.jpg 768w\" sizes=\"auto, (max-width: 800px) 100vw, 800px\" \/>\t\t\t\t\t\t\t\t\t<\/div>\t<div class=\"qodef-m-content\">\n\t\t\t<h3 class=\"qodef-m-title\" style=\"margin-top: 20px\">\n\t\t\t\t\tIle de Br\u00e9hat\u00a0(84km)\t\t\t<\/h3>\n\t\t\t<\/div>\n<\/div>\t\t<\/div>\n\t\t\t\t<\/div>\n\t\t\t\t<div class=\"elementor-element elementor-element-826f09d elementor-widget elementor-widget-text-editor\" data-id=\"826f09d\" data-element_type=\"widget\" data-widget_type=\"text-editor.default\">\n\t\t\t\t<div class=\"elementor-widget-container\">\n\t\t\t\t\t\t\t<p><span style=\"color: #005a8c;\"><strong><a style=\"background-color: #ffffff; color: #005a8c;\" href=\"https:\/\/www.guingamp-paimpol.com\/bienvenue-chez-nous\/les-sites-incontournables\/archipel-de-brehat\" target=\"_blank\" rel=\"noopener\">Ile de Br\u00e9hat<\/a><\/strong>\u00a0: Le paradis breton \u00e0 d\u00e9couvrir<\/span><\/p><p><span style=\"color: #005a8c;\">\u00cele de Br\u00e9hat : \u00c9vadez-vous sur cette \u00eele paradisiaque pr\u00e8s de Paimpol<\/span><\/p><p><span style=\"color: #005a8c;\">D\u00e9couvrez l&rsquo;\u00eele de Br\u00e9hat, un joyau de la Bretagne. Plages, sentiers c\u00f4tiers et nature pr\u00e9serv\u00e9e vous y attendent.<\/span><\/p><p><span style=\"color: #005a8c;\"><strong>\u00cele de Br\u00e9hat :<\/strong> Un v\u00e9ritable <strong>paradis<\/strong> \u00e0 d\u00e9couvrir pr\u00e8s de <strong>Paimpol<\/strong>. Cet <strong>archipel<\/strong> enchanteur vous offre une <strong>\u00e9vasion<\/strong> unique en <strong>Bretagne<\/strong>. <strong>En \u00e9t\u00e9<\/strong>, embarquez depuis <strong>Erquy<\/strong> pour une <strong>excursion d&rsquo;une journ\u00e9e<\/strong> inoubliable. <strong>Plages de sable fin, sentiers c\u00f4tiers, flore exceptionnelle<\/strong>, Br\u00e9hat saura vous s\u00e9duire.<\/span><\/p>\t\t\t\t\t\t<\/div>\n\t\t\t\t<\/div>\n\t\t\t\t\t<\/div>\n\t\t<\/div>\n\t\t\t\t\t\t\t<\/div>\n\t\t<\/section>\n\t\t\t\t<section class=\"elementor-section elementor-top-section elementor-element elementor-element-d44529f elementor-section-full_width qodef-elementor-content-grid elementor-section-height-default elementor-section-height-default\" data-id=\"d44529f\" data-element_type=\"section\">\n\t\t\t\t\t\t<div class=\"elementor-container elementor-column-gap-no\">\n\t\t\t\t\t<div class=\"elementor-column elementor-col-33 elementor-top-column elementor-element elementor-element-cab4a9a\" data-id=\"cab4a9a\" data-element_type=\"column\">\n\t\t\t<div class=\"elementor-widget-wrap elementor-element-populated\">\n\t\t\t\t\t\t\t\t<div class=\"elementor-element elementor-element-eae457e elementor-widget elementor-widget-alloggio_core_image_with_text\" data-id=\"eae457e\" data-element_type=\"widget\" data-widget_type=\"alloggio_core_image_with_text.default\">\n\t\t\t\t<div class=\"elementor-widget-container\">\n\t\t\t<div class=\"qodef-shortcode qodef-m  qodef-image-with-text qodef-layout--text-below  \">\n\t<div class=\"qodef-m-image\">\n\t\t\t\t\t\t\t\t\t<img loading=\"lazy\" decoding=\"async\" width=\"800\" height=\"522\" src=\"https:\/\/www.gites-du-pecheur.com\/wp-content\/uploads\/2021\/07\/perros-guirec.jpg\" class=\"qodef-e-main-image\" alt=\"\" srcset=\"https:\/\/www.gites-du-pecheur.com\/wp-content\/uploads\/2021\/07\/perros-guirec.jpg 800w, https:\/\/www.gites-du-pecheur.com\/wp-content\/uploads\/2021\/07\/perros-guirec-300x196.jpg 300w, https:\/\/www.gites-du-pecheur.com\/wp-content\/uploads\/2021\/07\/perros-guirec-768x501.jpg 768w\" sizes=\"auto, (max-width: 800px) 100vw, 800px\" \/>\t\t\t\t\t\t\t\t\t<\/div>\t<div class=\"qodef-m-content\">\n\t\t\t<h3 class=\"qodef-m-title\" style=\"margin-top: 20px\">\n\t\t\t\t\tPerros-Guirec (110km)\t\t\t<\/h3>\n\t\t\t<\/div>\n<\/div>\t\t<\/div>\n\t\t\t\t<\/div>\n\t\t\t\t<div class=\"elementor-element elementor-element-16ed066 elementor-widget elementor-widget-text-editor\" data-id=\"16ed066\" data-element_type=\"widget\" data-widget_type=\"text-editor.default\">\n\t\t\t\t<div class=\"elementor-widget-container\">\n\t\t\t\t\t\t\t<p><span style=\"color: #005a8c;\"> <a href=\"http:\/\/tourisme.perros-guirec.com\/\" target=\"_blank\" rel=\"noopener\"><strong>Perros-Guirec<\/strong><\/a> et <strong>Ploumanac&rsquo;h<\/strong> : deux joyaux de la <strong>C\u00f4te de Granit Rose<\/strong>.<\/span><\/p><p><span style=\"color: #005a8c;\"><strong>Ploumanac&rsquo;h<\/strong>, \u00e9lu <strong>village pr\u00e9f\u00e9r\u00e9 des Fran\u00e7ais<\/strong>, vous s\u00e9duira par ses <strong>cabanes de p\u00eacheurs<\/strong> color\u00e9es et ses <strong>rochers de granit rose<\/strong>.\u00a0<\/span><\/p><p><span style=\"color: #005a8c;\">Depuis <strong>Perros-Guirec<\/strong>, embarquez pour une excursion aux <strong>7 \u00celes<\/strong>, une <strong>r\u00e9serve naturelle<\/strong> exceptionnelle abritant une riche <strong>faune<\/strong> et une <strong>flore<\/strong> uniques. <strong>Plages de sable fin, sentiers c\u00f4tiers, activit\u00e9s nautiques<\/strong>\u00a0pour une excursion inoubliable.<\/span><\/p>\t\t\t\t\t\t<\/div>\n\t\t\t\t<\/div>\n\t\t\t\t\t<\/div>\n\t\t<\/div>\n\t\t\t\t<div class=\"elementor-column elementor-col-33 elementor-top-column elementor-element elementor-element-e925fb1\" data-id=\"e925fb1\" data-element_type=\"column\">\n\t\t\t<div class=\"elementor-widget-wrap elementor-element-populated\">\n\t\t\t\t\t\t\t\t<div class=\"elementor-element elementor-element-9375da4 elementor-widget elementor-widget-alloggio_core_image_with_text\" data-id=\"9375da4\" data-element_type=\"widget\" data-widget_type=\"alloggio_core_image_with_text.default\">\n\t\t\t\t<div class=\"elementor-widget-container\">\n\t\t\t<div class=\"qodef-shortcode qodef-m  qodef-image-with-text qodef-layout--text-below  \">\n\t<div class=\"qodef-m-image\">\n\t\t\t\t\t\t\t\t\t<img loading=\"lazy\" decoding=\"async\" width=\"800\" height=\"522\" src=\"https:\/\/www.gites-du-pecheur.com\/wp-content\/uploads\/2021\/07\/mt-st-michel.jpg\" class=\"qodef-e-main-image\" alt=\"\" srcset=\"https:\/\/www.gites-du-pecheur.com\/wp-content\/uploads\/2021\/07\/mt-st-michel.jpg 800w, https:\/\/www.gites-du-pecheur.com\/wp-content\/uploads\/2021\/07\/mt-st-michel-300x196.jpg 300w, https:\/\/www.gites-du-pecheur.com\/wp-content\/uploads\/2021\/07\/mt-st-michel-768x501.jpg 768w\" sizes=\"auto, (max-width: 800px) 100vw, 800px\" \/>\t\t\t\t\t\t\t\t\t<\/div>\t<div class=\"qodef-m-content\">\n\t\t\t<h3 class=\"qodef-m-title\" style=\"margin-top: 20px\">\n\t\t\t\t\tMont-Saint-Michel (110km)\t\t\t<\/h3>\n\t\t\t<\/div>\n<\/div>\t\t<\/div>\n\t\t\t\t<\/div>\n\t\t\t\t<div class=\"elementor-element elementor-element-5333805 elementor-widget elementor-widget-text-editor\" data-id=\"5333805\" data-element_type=\"widget\" data-widget_type=\"text-editor.default\">\n\t\t\t\t<div class=\"elementor-widget-container\">\n\t\t\t\t\t\t\t<p><strong><a style=\"background-color: #ffffff;\" href=\"https:\/\/www.ot-montsaintmichel.com\/\" target=\"_blank\" rel=\"noopener\">Le Mont-Saint-Michel<\/a><\/strong>, <span style=\"color: #005a8c;\">class\u00e9 au <strong>patrimoine mondial de l&rsquo;UNESCO<\/strong>, est une merveille architecturale qui attire des millions de visiteurs chaque ann\u00e9e. <\/span><\/p><p><span style=\"color: #005a8c;\">D\u00e9couvrez cette <strong>abbaye b\u00e9n\u00e9dictine<\/strong> perch\u00e9e sur son <strong>\u00eelot rocheux<\/strong> et \u00e9merveillez-vous devant la <strong>baie du Mont-Saint-Michel<\/strong>, l&rsquo;une des plus grandes mar\u00e9es d&rsquo;Europe. <\/span><\/p><p><span style=\"color: #005a8c;\">De nombreuses <strong>visites guid\u00e9es<\/strong> vous permettent d&rsquo;explorer l&rsquo;histoire et les secrets de ce lieu embl\u00e9matique. <\/span><\/p><p><span style=\"color: #005a8c;\">Profitez \u00e9galement de <strong>randonn\u00e9es accompagn\u00e9es<\/strong> dans la baie pour une exp\u00e9rience inoubliable.<\/span><\/p>\t\t\t\t\t\t<\/div>\n\t\t\t\t<\/div>\n\t\t\t\t\t<\/div>\n\t\t<\/div>\n\t\t\t\t<div class=\"elementor-column elementor-col-33 elementor-top-column elementor-element elementor-element-b60fde9\" data-id=\"b60fde9\" data-element_type=\"column\">\n\t\t\t<div class=\"elementor-widget-wrap\">\n\t\t\t\t\t\t\t\t\t<\/div>\n\t\t<\/div>\n\t\t\t\t\t\t\t<\/div>\n\t\t<\/section>\n\t\t\t\t<section class=\"elementor-section elementor-top-section elementor-element elementor-element-0828a92 elementor-section-boxed elementor-section-height-default elementor-section-height-default qodef-elementor-content-no\" data-id=\"0828a92\" data-element_type=\"section\">\n\t\t\t\t\t\t<div class=\"elementor-container elementor-column-gap-default\">\n\t\t\t\t\t<div class=\"elementor-column elementor-col-100 elementor-top-column elementor-element elementor-element-b4662d5\" data-id=\"b4662d5\" data-element_type=\"column\">\n\t\t\t<div class=\"elementor-widget-wrap elementor-element-populated\">\n\t\t\t\t\t\t\t\t<div class=\"elementor-element elementor-element-2f340f2 elementor-widget elementor-widget-text-editor\" data-id=\"2f340f2\" data-element_type=\"widget\" data-widget_type=\"text-editor.default\">\n\t\t\t\t<div class=\"elementor-widget-container\">\n\t\t\t\t\t\t\t<p>Pour d\u00e9couvrir o\u00f9 nous sommes situ\u00e9s en plein du Grand Site de France Cap d&rsquo;Erquy-Cap Fr\u00e9hel, cliquez <strong><a href=\"https:\/\/www.gites-du-pecheur.com\/fr\/contact\/\">ici<\/a><\/strong><\/p>\t\t\t\t\t\t<\/div>\n\t\t\t\t<\/div>\n\t\t\t\t\t<\/div>\n\t\t<\/div>\n\t\t\t\t\t\t\t<\/div>\n\t\t<\/section>\n\t\t\t\t<section class=\"elementor-section elementor-top-section elementor-element elementor-element-17fa7e56 elementor-section-full_width section-mailpoet elementor-section-height-default elementor-section-height-default qodef-elementor-content-no\" data-id=\"17fa7e56\" data-element_type=\"section\">\n\t\t\t\t\t\t<div class=\"elementor-container elementor-column-gap-no\">\n\t\t\t\t\t<div class=\"elementor-column elementor-col-100 elementor-top-column elementor-element elementor-element-22a0c896\" data-id=\"22a0c896\" data-element_type=\"column\" data-settings=\"{&quot;background_background&quot;:&quot;classic&quot;}\">\n\t\t\t<div class=\"elementor-widget-wrap elementor-element-populated\">\n\t\t\t\t\t\t\t\t<section class=\"elementor-section elementor-inner-section elementor-element elementor-element-4c570bda elementor-section-boxed elementor-section-height-default elementor-section-height-default qodef-elementor-content-no\" data-id=\"4c570bda\" data-element_type=\"section\">\n\t\t\t\t\t\t<div class=\"elementor-container elementor-column-gap-default\">\n\t\t\t\t\t<div class=\"elementor-column elementor-col-100 elementor-inner-column elementor-element elementor-element-42204b7a\" data-id=\"42204b7a\" data-element_type=\"column\">\n\t\t\t<div class=\"elementor-widget-wrap elementor-element-populated\">\n\t\t\t\t\t\t\t\t<div class=\"elementor-element elementor-element-4700af36 elementor-widget elementor-widget-wp-widget-mailpoet_form\" data-id=\"4700af36\" data-element_type=\"widget\" data-widget_type=\"wp-widget-mailpoet_form.default\">\n\t\t\t\t<div class=\"elementor-widget-container\">\n\t\t\t  \n      <h5>S&rsquo;inscrire \u00e0 notre newsletter<\/h5>\n  \n  <div class=\"\n    mailpoet_form_popup_overlay\n      \"><\/div>\n  <div\n    id=\"mailpoet_form_1\"\n    class=\"\n      mailpoet_form\n      mailpoet_form_widget\n      mailpoet_form_position_\n      mailpoet_form_animation_\n    \"\n      >\n\n    <style type=\"text\/css\">\n     #mailpoet_form_1 .mailpoet_form {  }\n#mailpoet_form_1 .mailpoet_column_with_background { padding: 10px; }\n#mailpoet_form_1 .mailpoet_form_column:not(:first-child) { margin-left: 20px; }\n#mailpoet_form_1 .mailpoet_paragraph { line-height: 20px; margin-bottom: 20px; }\n#mailpoet_form_1 .mailpoet_segment_label, #mailpoet_form_1 .mailpoet_text_label, #mailpoet_form_1 .mailpoet_textarea_label, #mailpoet_form_1 .mailpoet_select_label, #mailpoet_form_1 .mailpoet_radio_label, #mailpoet_form_1 .mailpoet_checkbox_label, #mailpoet_form_1 .mailpoet_list_label, #mailpoet_form_1 .mailpoet_date_label { display: block; font-weight: normal; }\n#mailpoet_form_1 .mailpoet_text, #mailpoet_form_1 .mailpoet_textarea, #mailpoet_form_1 .mailpoet_select, #mailpoet_form_1 .mailpoet_date_month, #mailpoet_form_1 .mailpoet_date_day, #mailpoet_form_1 .mailpoet_date_year, #mailpoet_form_1 .mailpoet_date { display: block; }\n#mailpoet_form_1 .mailpoet_text, #mailpoet_form_1 .mailpoet_textarea { width: 200px; }\n#mailpoet_form_1 .mailpoet_checkbox {  }\n#mailpoet_form_1 .mailpoet_submit {  }\n#mailpoet_form_1 .mailpoet_divider {  }\n#mailpoet_form_1 .mailpoet_message {  }\n#mailpoet_form_1 .mailpoet_form_loading { width: 30px; text-align: center; line-height: normal; }\n#mailpoet_form_1 .mailpoet_form_loading > span { width: 5px; height: 5px; background-color: #5b5b5b; }#mailpoet_form_1{border-radius: 0px;text-align: left;}#mailpoet_form_1 form.mailpoet_form {padding: 20px;}#mailpoet_form_1{width: 100%;}#mailpoet_form_1 .mailpoet_message {margin: 0; padding: 0 20px;}#mailpoet_form_1 .mailpoet_paragraph.last {margin-bottom: 0} @media (max-width: 500px) {#mailpoet_form_1 {background-image: none;}} @media (min-width: 500px) {#mailpoet_form_1 .last .mailpoet_paragraph:last-child {margin-bottom: 0}}  @media (max-width: 500px) {#mailpoet_form_1 .mailpoet_form_column:last-child .mailpoet_paragraph:last-child {margin-bottom: 0}} \n    <\/style>\n\n    <form\n      target=\"_self\"\n      method=\"post\"\n      action=\"https:\/\/www.gites-du-pecheur.com\/wp-admin\/admin-post.php?action=mailpoet_subscription_form\"\n      class=\"mailpoet_form mailpoet_form_form mailpoet_form_widget\"\n      novalidate\n      data-delay=\"\"\n      data-exit-intent-enabled=\"\"\n      data-font-family=\"\"\n      data-cookie-expiration-time=\"\"\n    >\n      <input type=\"hidden\" name=\"data[form_id]\" value=\"1\" \/>\n      <input type=\"hidden\" name=\"token\" value=\"230aa0e2a2\" \/>\n      <input type=\"hidden\" name=\"api_version\" value=\"v1\" \/>\n      <input type=\"hidden\" name=\"endpoint\" value=\"subscribers\" \/>\n      <input type=\"hidden\" name=\"mailpoet_method\" value=\"subscribe\" \/>\n\n      <label class=\"mailpoet_hp_email_label\" style=\"display: none !important;\">Veuillez laisser ce champ vide<input type=\"email\" name=\"data[email]\"\/><\/label><div class=\"mailpoet_paragraph \"><label for=\"form_email_1\" class=\"mailpoet-screen-reader-text\" data-automation-id=\"form_email_label\" >Votre e-mail <span class=\"mailpoet_required\">*<\/span><\/label><input type=\"email\" autocomplete=\"email\" class=\"mailpoet_text\" id=\"form_email_1\" name=\"data[form_field_NmU5MGIzNzgzYjVlX2VtYWls]\" title=\"Votre e-mail\" value=\"\" style=\"padding:5px;margin: 0 auto 0 0;\" data-automation-id=\"form_email\"  placeholder=\"Votre e-mail *\" data-parsley-required=\"true\" data-parsley-minlength=\"6\" data-parsley-maxlength=\"150\" data-parsley-type-message=\"Cette valeur doit \u00eatre un e-mail valide.\" data-parsley-errors-container=\".mailpoet_error_email_\" data-parsley-required-message=\"Ce champ est n\u00e9cessaire.\"\/><\/div>\n<div class=\"mailpoet_paragraph \"><input type=\"submit\" class=\"mailpoet_submit\" value=\"S&#039;INSCRIRE\" data-automation-id=\"subscribe-submit-button\" style=\"padding:5px;margin: 0 auto 0 0;border-color:transparent;\" \/><span class=\"mailpoet_form_loading\"><span class=\"mailpoet_bounce1\"><\/span><span class=\"mailpoet_bounce2\"><\/span><span class=\"mailpoet_bounce3\"><\/span><\/span><\/div>\n\n      <div class=\"mailpoet_message\">\n        <p class=\"mailpoet_validate_success\"\n                style=\"display:none;\"\n                >V\u00e9rifiez votre boite de r\u00e9ception ou votre r\u00e9pertoire d\u2019ind\u00e9sirables pour confirmer votre abonnement.\n        <\/p>\n        <p class=\"mailpoet_validate_error\"\n                style=\"display:none;\"\n                >        <\/p>\n      <\/div>\n    <\/form>\n\n      <\/div>\n\n  \t\t<\/div>\n\t\t\t\t<\/div>\n\t\t\t\t\t<\/div>\n\t\t<\/div>\n\t\t\t\t\t\t\t<\/div>\n\t\t<\/section>\n\t\t\t\t\t<\/div>\n\t\t<\/div>\n\t\t\t\t\t\t\t<\/div>\n\t\t<\/section>\n\t\t\t\t<section class=\"elementor-section elementor-top-section elementor-element elementor-element-ffa59ca elementor-section-boxed elementor-section-height-default elementor-section-height-default qodef-elementor-content-no\" data-id=\"ffa59ca\" data-element_type=\"section\">\n\t\t\t\t\t\t<div class=\"elementor-container elementor-column-gap-default\">\n\t\t\t\t\t<div class=\"elementor-column elementor-col-50 elementor-top-column elementor-element elementor-element-0824e30\" data-id=\"0824e30\" data-element_type=\"column\">\n\t\t\t<div class=\"elementor-widget-wrap\">\n\t\t\t\t\t\t\t\t\t<\/div>\n\t\t<\/div>\n\t\t\t\t<div class=\"elementor-column elementor-col-50 elementor-top-column elementor-element elementor-element-85294cc\" data-id=\"85294cc\" data-element_type=\"column\">\n\t\t\t<div class=\"elementor-widget-wrap\">\n\t\t\t\t\t\t\t\t\t<\/div>\n\t\t<\/div>\n\t\t\t\t\t\t\t<\/div>\n\t\t<\/section>\n\t\t\t\t\t\t\t<\/div>\n\t\t","protected":false},"excerpt":{"rendered":"<p>Les incontournables \u00e0 Erquy Les tr\u00e9sors d&rsquo;Erquy : Une escapade inoubliable entre la c\u00f4te d&rsquo;\u00c9meraude et la c\u00f4te de Penthi\u00e8vre Erquy, joyau de la c\u00f4te d&rsquo;\u00c9meraude en Bretagne, vous invite \u00e0 d\u00e9couvrir ses richesses naturelles et culturelles exceptionnelles. Entre falaises spectaculaires, villages pittoresques et plages de r\u00eave, Erquy promet un s\u00e9jour inoubliable. Explorez le village [&hellip;]<\/p>\n","protected":false},"author":1,"featured_media":0,"parent":0,"menu_order":0,"comment_status":"closed","ping_status":"closed","template":"page-full-width.php","meta":{"inline_featured_image":false,"footnotes":""},"class_list":["post-6053","page","type-page","status-publish","hentry"],"yoast_head":"<!-- This site is optimized with the Yoast SEO plugin v21.2 - https:\/\/yoast.com\/wordpress\/plugins\/seo\/ -->\n<title>Les incontournables \u00e0 Erquy<\/title>\n<meta name=\"description\" content=\"D\u00e9couvrez Les incontournables \u00e0 visiter ou \u00e0 voir pendant votre s\u00e9jour \u00e0 Erquy notamment le Grand Site de France Cap d&#039;Erquy-Cap Fr\u00e9hel\" \/>\n<meta name=\"robots\" content=\"index, follow, max-snippet:-1, max-image-preview:large, max-video-preview:-1\" \/>\n<link rel=\"canonical\" href=\"https:\/\/www.gites-du-pecheur.com\/fr\/les-incontournables\/\" \/>\n<meta property=\"og:locale\" content=\"fr_FR\" \/>\n<meta property=\"og:type\" content=\"article\" \/>\n<meta property=\"og:title\" content=\"Les incontournables \u00e0 Erquy\" \/>\n<meta property=\"og:description\" content=\"D\u00e9couvrez Les incontournables \u00e0 visiter ou \u00e0 voir pendant votre s\u00e9jour \u00e0 Erquy notamment le Grand Site de France Cap d&#039;Erquy-Cap Fr\u00e9hel\" \/>\n<meta property=\"og:url\" content=\"https:\/\/www.gites-du-pecheur.com\/fr\/les-incontournables\/\" \/>\n<meta property=\"og:site_name\" content=\"Les g\u00eetes du p\u00eacheur\" \/>\n<meta property=\"article:publisher\" content=\"https:\/\/fr-fr.facebook.com\/lesgitesdupecheur\" \/>\n<meta property=\"article:modified_time\" content=\"2025-03-05T10:14:47+00:00\" \/>\n<meta property=\"og:image\" content=\"https:\/\/www.gites-du-pecheur.com\/wp-content\/uploads\/2021\/07\/cap-erquy.jpg\" \/>\n<meta name=\"twitter:card\" content=\"summary_large_image\" \/>\n<script type=\"application\/ld+json\" class=\"yoast-schema-graph\">{\"@context\":\"https:\/\/schema.org\",\"@graph\":[{\"@type\":\"WebPage\",\"@id\":\"https:\/\/www.gites-du-pecheur.com\/fr\/les-incontournables\/\",\"url\":\"https:\/\/www.gites-du-pecheur.com\/fr\/les-incontournables\/\",\"name\":\"Les incontournables \u00e0 Erquy\",\"isPartOf\":{\"@id\":\"https:\/\/www.gites-du-pecheur.com\/fr\/#website\"},\"datePublished\":\"2021-07-28T15:32:01+00:00\",\"dateModified\":\"2025-03-05T10:14:47+00:00\",\"description\":\"D\u00e9couvrez Les incontournables \u00e0 visiter ou \u00e0 voir pendant votre s\u00e9jour \u00e0 Erquy notamment le Grand Site de France Cap d'Erquy-Cap Fr\u00e9hel\",\"breadcrumb\":{\"@id\":\"https:\/\/www.gites-du-pecheur.com\/fr\/les-incontournables\/#breadcrumb\"},\"inLanguage\":\"fr-FR\",\"potentialAction\":[{\"@type\":\"ReadAction\",\"target\":[\"https:\/\/www.gites-du-pecheur.com\/fr\/les-incontournables\/\"]}]},{\"@type\":\"BreadcrumbList\",\"@id\":\"https:\/\/www.gites-du-pecheur.com\/fr\/les-incontournables\/#breadcrumb\",\"itemListElement\":[{\"@type\":\"ListItem\",\"position\":1,\"name\":\"Accueil\",\"item\":\"https:\/\/www.gites-du-pecheur.com\/fr\/\"},{\"@type\":\"ListItem\",\"position\":2,\"name\":\"Les incontournables\"}]},{\"@type\":\"WebSite\",\"@id\":\"https:\/\/www.gites-du-pecheur.com\/fr\/#website\",\"url\":\"https:\/\/www.gites-du-pecheur.com\/fr\/\",\"name\":\"Les g\u00eetes du p\u00eacheur\",\"description\":\"Locations vacances \u2013 Erquy \u2013 Cap Fr\u00e9hel\",\"publisher\":{\"@id\":\"https:\/\/www.gites-du-pecheur.com\/fr\/#organization\"},\"potentialAction\":[{\"@type\":\"SearchAction\",\"target\":{\"@type\":\"EntryPoint\",\"urlTemplate\":\"https:\/\/www.gites-du-pecheur.com\/fr\/?s={search_term_string}\"},\"query-input\":\"required name=search_term_string\"}],\"inLanguage\":\"fr-FR\"},{\"@type\":\"Organization\",\"@id\":\"https:\/\/www.gites-du-pecheur.com\/fr\/#organization\",\"name\":\"G\u00eetes du p\u00eacheur\",\"url\":\"https:\/\/www.gites-du-pecheur.com\/fr\/\",\"logo\":{\"@type\":\"ImageObject\",\"inLanguage\":\"fr-FR\",\"@id\":\"https:\/\/www.gites-du-pecheur.com\/fr\/#\/schema\/logo\/image\/\",\"url\":\"https:\/\/www.gites-du-pecheur.com\/wp-content\/uploads\/2021\/05\/logo-gites-du-pecheur.svg\",\"contentUrl\":\"https:\/\/www.gites-du-pecheur.com\/wp-content\/uploads\/2021\/05\/logo-gites-du-pecheur.svg\",\"width\":1,\"height\":1,\"caption\":\"G\u00eetes du p\u00eacheur\"},\"image\":{\"@id\":\"https:\/\/www.gites-du-pecheur.com\/fr\/#\/schema\/logo\/image\/\"},\"sameAs\":[\"https:\/\/fr-fr.facebook.com\/lesgitesdupecheur\",\"https:\/\/www.instagram.com\/lesgitesdupecheur\/\"]}]}<\/script>\n<!-- \/ Yoast SEO plugin. -->","yoast_head_json":{"title":"Les incontournables \u00e0 Erquy","description":"D\u00e9couvrez Les incontournables \u00e0 visiter ou \u00e0 voir pendant votre s\u00e9jour \u00e0 Erquy notamment le Grand Site de France Cap d'Erquy-Cap Fr\u00e9hel","robots":{"index":"index","follow":"follow","max-snippet":"max-snippet:-1","max-image-preview":"max-image-preview:large","max-video-preview":"max-video-preview:-1"},"canonical":"https:\/\/www.gites-du-pecheur.com\/fr\/les-incontournables\/","og_locale":"fr_FR","og_type":"article","og_title":"Les incontournables \u00e0 Erquy","og_description":"D\u00e9couvrez Les incontournables \u00e0 visiter ou \u00e0 voir pendant votre s\u00e9jour \u00e0 Erquy notamment le Grand Site de France Cap d'Erquy-Cap Fr\u00e9hel","og_url":"https:\/\/www.gites-du-pecheur.com\/fr\/les-incontournables\/","og_site_name":"Les g\u00eetes du p\u00eacheur","article_publisher":"https:\/\/fr-fr.facebook.com\/lesgitesdupecheur","article_modified_time":"2025-03-05T10:14:47+00:00","og_image":[{"url":"https:\/\/www.gites-du-pecheur.com\/wp-content\/uploads\/2021\/07\/cap-erquy.jpg"}],"twitter_card":"summary_large_image","schema":{"@context":"https:\/\/schema.org","@graph":[{"@type":"WebPage","@id":"https:\/\/www.gites-du-pecheur.com\/fr\/les-incontournables\/","url":"https:\/\/www.gites-du-pecheur.com\/fr\/les-incontournables\/","name":"Les incontournables \u00e0 Erquy","isPartOf":{"@id":"https:\/\/www.gites-du-pecheur.com\/fr\/#website"},"datePublished":"2021-07-28T15:32:01+00:00","dateModified":"2025-03-05T10:14:47+00:00","description":"D\u00e9couvrez Les incontournables \u00e0 visiter ou \u00e0 voir pendant votre s\u00e9jour \u00e0 Erquy notamment le Grand Site de France Cap d'Erquy-Cap Fr\u00e9hel","breadcrumb":{"@id":"https:\/\/www.gites-du-pecheur.com\/fr\/les-incontournables\/#breadcrumb"},"inLanguage":"fr-FR","potentialAction":[{"@type":"ReadAction","target":["https:\/\/www.gites-du-pecheur.com\/fr\/les-incontournables\/"]}]},{"@type":"BreadcrumbList","@id":"https:\/\/www.gites-du-pecheur.com\/fr\/les-incontournables\/#breadcrumb","itemListElement":[{"@type":"ListItem","position":1,"name":"Accueil","item":"https:\/\/www.gites-du-pecheur.com\/fr\/"},{"@type":"ListItem","position":2,"name":"Les incontournables"}]},{"@type":"WebSite","@id":"https:\/\/www.gites-du-pecheur.com\/fr\/#website","url":"https:\/\/www.gites-du-pecheur.com\/fr\/","name":"Les g\u00eetes du p\u00eacheur","description":"Locations vacances \u2013 Erquy \u2013 Cap Fr\u00e9hel","publisher":{"@id":"https:\/\/www.gites-du-pecheur.com\/fr\/#organization"},"potentialAction":[{"@type":"SearchAction","target":{"@type":"EntryPoint","urlTemplate":"https:\/\/www.gites-du-pecheur.com\/fr\/?s={search_term_string}"},"query-input":"required name=search_term_string"}],"inLanguage":"fr-FR"},{"@type":"Organization","@id":"https:\/\/www.gites-du-pecheur.com\/fr\/#organization","name":"G\u00eetes du p\u00eacheur","url":"https:\/\/www.gites-du-pecheur.com\/fr\/","logo":{"@type":"ImageObject","inLanguage":"fr-FR","@id":"https:\/\/www.gites-du-pecheur.com\/fr\/#\/schema\/logo\/image\/","url":"https:\/\/www.gites-du-pecheur.com\/wp-content\/uploads\/2021\/05\/logo-gites-du-pecheur.svg","contentUrl":"https:\/\/www.gites-du-pecheur.com\/wp-content\/uploads\/2021\/05\/logo-gites-du-pecheur.svg","width":1,"height":1,"caption":"G\u00eetes du p\u00eacheur"},"image":{"@id":"https:\/\/www.gites-du-pecheur.com\/fr\/#\/schema\/logo\/image\/"},"sameAs":["https:\/\/fr-fr.facebook.com\/lesgitesdupecheur","https:\/\/www.instagram.com\/lesgitesdupecheur\/"]}]}},"_links":{"self":[{"href":"https:\/\/www.gites-du-pecheur.com\/fr\/wp-json\/wp\/v2\/pages\/6053","targetHints":{"allow":["GET"]}}],"collection":[{"href":"https:\/\/www.gites-du-pecheur.com\/fr\/wp-json\/wp\/v2\/pages"}],"about":[{"href":"https:\/\/www.gites-du-pecheur.com\/fr\/wp-json\/wp\/v2\/types\/page"}],"author":[{"embeddable":true,"href":"https:\/\/www.gites-du-pecheur.com\/fr\/wp-json\/wp\/v2\/users\/1"}],"replies":[{"embeddable":true,"href":"https:\/\/www.gites-du-pecheur.com\/fr\/wp-json\/wp\/v2\/comments?post=6053"}],"version-history":[{"count":200,"href":"https:\/\/www.gites-du-pecheur.com\/fr\/wp-json\/wp\/v2\/pages\/6053\/revisions"}],"predecessor-version":[{"id":10056,"href":"https:\/\/www.gites-du-pecheur.com\/fr\/wp-json\/wp\/v2\/pages\/6053\/revisions\/10056"}],"wp:attachment":[{"href":"https:\/\/www.gites-du-pecheur.com\/fr\/wp-json\/wp\/v2\/media?parent=6053"}],"curies":[{"name":"wp","href":"https:\/\/api.w.org\/{rel}","templated":true}]}}